{"id":9860,"date":"2024-02-26T18:45:49","date_gmt":"2024-02-26T17:45:49","guid":{"rendered":"https:\/\/base.milano.it\/?post_type=tribe_events&#038;p=9860"},"modified":"2024-02-26T18:49:55","modified_gmt":"2024-02-26T17:49:55","slug":"milano-circolare","status":"publish","type":"tribe_events","link":"https:\/\/base.milano.it\/eventi\/milano-circolare\/","title":{"rendered":"Milano Circolare"},"content":{"rendered":"<p>Torna<strong> Milano Circolare,<\/strong>\u00a0l\u2019evento del Comune di Milano dedicato alla moda e al design circolari in citt\u00e0. La prima edizione di Milano Circolare si \u00e8 svolta a febbraio 2023 e ha visto la partecipazione di oltre 100 realt\u00e0 milanesi con esposizioni, talk, laboratori e di ospiti internazionali con testimonianze da altre citt\u00e0 europee. Un evento rivolto ad operatori del settore, espert, imprese, startup, associazioni e realt\u00e0 del terzo settore, istituzioni locali, cittadine e cittadini che vogliono conoscere pi\u00f9 da vicino il mondo dell\u2019economia circolare e le politiche dell\u2019Amministrazione comunale per rendere Milano pi\u00f9 circolare e sostenibile.<\/p>\n<p>&nbsp;<\/p>\n<p>L&#8217;evento \u00e8 organizzato in 2 sessioni:<\/p>\n<p>La prima sessione, a cura del <strong>Comune di Milano<\/strong>, si svolger\u00e0 la mattina dalle H10 alle H13 e sar\u00e0 dedicata alla presentazione del Piano d&#8217;azione sull&#8217;economia circolare nei settori moda, tessile, arredo e beni di consumo.<\/p>\n<p>La seconda sessione, a cura di <strong>NEMA<\/strong>, si terr\u00e0 nel pomeriggio dalle H15 alle H18:30 e sar\u00e0 dedicata alle community di realt\u00e0 circolari che operano nelle citt\u00e0 europee, con esperienze da Malm\u00f6, Baltimora, Berlino, Lubiana e Milano.<\/p>\n<p>Talk, testimonianze e dibattiti con la partecipazione di:<br \/>\n<strong>Carlo Capasa<\/strong>, <em>Presidente della Camera Nazionale della Moda Italiana<\/em><br \/>\n<strong>Maria Porro<\/strong>, <em>Presidente del Salone del Mobile.Milano<\/em><br \/>\n<strong>Simon Gresset<\/strong>, <em>senior expert ICLEI Europe<\/em><br \/>\n<strong>Meta \u0160tular<\/strong>, <em>Center Rog (Lubiana)<\/em><br \/>\n<strong>Andy Cook<\/strong>, <em>Made in Baltimore (Baltimora)<\/em><br \/>\n<strong>Anna Gudmundsdottir<\/strong>, <em>Spok (Malmo)<\/em><br \/>\n<strong>Marte Hentschel<\/strong>, <em>Vorn (Berlino)<\/em><br \/>\nE molti altri contributi di esperti e testimonianze di imprese circolari.<\/p>\n<p>Programma completo e registrazione su <a href=\"http:\/\/www.milanocircolare.it\">www.milanocircolare.it <\/a><\/p>\n","protected":false},"excerpt":{"rendered":"<p>Torna Milano Circolare,\u00a0l\u2019evento del Comune di Milano dedicato alla moda e al design circolari in citt\u00e0. La prima edizione di Milano Circolare si \u00e8 svolta a febbraio 2023 e ha visto la partecipazione di oltre 100 realt\u00e0 milanesi con esposizioni, talk, laboratori e di ospiti internazionali con testimonianze da altre citt\u00e0 europee. Un evento rivolto ad operatori del settore, espert, [&hellip;]<\/p>\n","protected":false},"author":3,"featured_media":0,"template":"","meta":{"_acf_changed":false,"_tribe_events_status":"","_tribe_events_status_reason":"","_tribe_events_is_hybrid":"","_tribe_events_is_virtual":"","_tribe_events_virtual_video_source":"","_tribe_events_virtual_embed_video":"","_tribe_events_virtual_linked_button_text":"","_tribe_events_virtual_linked_button":"","_tribe_events_virtual_show_embed_at":"","_tribe_events_virtual_show_embed_to":[],"_tribe_events_virtual_show_on_event":"","_tribe_events_virtual_show_on_views":"","_tribe_events_virtual_url":"","footnotes":""},"tags":[69],"tribe_events_cat":[81],"class_list":["post-9860","tribe_events","type-tribe_events","status-publish","hentry","tag-citta","tribe_events_cat-citta","cat_citta"],"acf":[],"yoast_head":"<!-- This site is optimized with the Yoast SEO plugin v24.8.1 - https:\/\/yoast.com\/wordpress\/plugins\/seo\/ -->\n<title>Milano Circolare - BASE Milano<\/title>\n<meta name=\"robots\" content=\"index, follow, max-snippet:-1, max-image-preview:large, max-video-preview:-1\" \/>\n<link rel=\"canonical\" href=\"https:\/\/base.milano.it\/en\/eventi\/milano-circolare\/\" \/>\n<meta property=\"og:locale\" content=\"en_US\" \/>\n<meta property=\"og:type\" content=\"article\" \/>\n<meta property=\"og:title\" content=\"Milano Circolare - BASE Milano\" \/>\n<meta property=\"og:description\" content=\"Torna Milano Circolare,\u00a0l\u2019evento del Comune di Milano dedicato alla moda e al design circolari in citt\u00e0. La prima edizione di Milano Circolare si \u00e8 svolta a febbraio 2023 e ha visto la partecipazione di oltre 100 realt\u00e0 milanesi con esposizioni, talk, laboratori e di ospiti internazionali con testimonianze da altre citt\u00e0 europee. Un evento rivolto ad operatori del settore, espert, [&hellip;]\" \/>\n<meta property=\"og:url\" content=\"https:\/\/base.milano.it\/eventi\/milano-circolare\/\" \/>\n<meta property=\"og:site_name\" content=\"BASE Milano\" \/>\n<meta property=\"article:modified_time\" content=\"2024-02-26T17:49:55+00:00\" \/>\n<meta name=\"twitter:card\" content=\"summary_large_image\" \/>\n<meta name=\"twitter:label1\" content=\"Est. reading time\" \/>\n\t<meta name=\"twitter:data1\" content=\"2 minutes\" \/>\n<script type=\"application\/ld+json\" class=\"yoast-schema-graph\">{\"@context\":\"https:\/\/schema.org\",\"@graph\":[{\"@type\":\"WebPage\",\"@id\":\"https:\/\/base.milano.it\/eventi\/milano-circolare\/\",\"url\":\"https:\/\/base.milano.it\/eventi\/milano-circolare\/\",\"name\":\"Milano Circolare - BASE Milano\",\"isPartOf\":{\"@id\":\"https:\/\/prelive.base.milano.it\/en\/#website\"},\"datePublished\":\"2024-02-26T17:45:49+00:00\",\"dateModified\":\"2024-02-26T17:49:55+00:00\",\"breadcrumb\":{\"@id\":\"https:\/\/base.milano.it\/eventi\/milano-circolare\/#breadcrumb\"},\"inLanguage\":\"en-US\",\"potentialAction\":[{\"@type\":\"ReadAction\",\"target\":[\"https:\/\/base.milano.it\/eventi\/milano-circolare\/\"]}]},{\"@type\":\"BreadcrumbList\",\"@id\":\"https:\/\/base.milano.it\/eventi\/milano-circolare\/#breadcrumb\",\"itemListElement\":[{\"@type\":\"ListItem\",\"position\":1,\"name\":\"Home\",\"item\":\"https:\/\/base.milano.it\/en\/homepage\/\"},{\"@type\":\"ListItem\",\"position\":2,\"name\":\"Events\",\"item\":\"https:\/\/base.milano.it\/en\/events\/\"},{\"@type\":\"ListItem\",\"position\":3,\"name\":\"Milano Circolare\"}]},{\"@type\":\"WebSite\",\"@id\":\"https:\/\/prelive.base.milano.it\/en\/#website\",\"url\":\"https:\/\/prelive.base.milano.it\/en\/\",\"name\":\"BASE Milano\",\"description\":\"\",\"potentialAction\":[{\"@type\":\"SearchAction\",\"target\":{\"@type\":\"EntryPoint\",\"urlTemplate\":\"https:\/\/prelive.base.milano.it\/en\/?s={search_term_string}\"},\"query-input\":{\"@type\":\"PropertyValueSpecification\",\"valueRequired\":true,\"valueName\":\"search_term_string\"}}],\"inLanguage\":\"en-US\"}]}<\/script>\n<!-- \/ Yoast SEO plugin. -->","yoast_head_json":{"title":"Milano Circolare - BASE Milano","robots":{"index":"index","follow":"follow","max-snippet":"max-snippet:-1","max-image-preview":"max-image-preview:large","max-video-preview":"max-video-preview:-1"},"canonical":"https:\/\/base.milano.it\/en\/eventi\/milano-circolare\/","og_locale":"en_US","og_type":"article","og_title":"Milano Circolare - BASE Milano","og_description":"Torna Milano Circolare,\u00a0l\u2019evento del Comune di Milano dedicato alla moda e al design circolari in citt\u00e0. La prima edizione di Milano Circolare si \u00e8 svolta a febbraio 2023 e ha visto la partecipazione di oltre 100 realt\u00e0 milanesi con esposizioni, talk, laboratori e di ospiti internazionali con testimonianze da altre citt\u00e0 europee. Un evento rivolto ad operatori del settore, espert, [&hellip;]","og_url":"https:\/\/base.milano.it\/eventi\/milano-circolare\/","og_site_name":"BASE Milano","article_modified_time":"2024-02-26T17:49:55+00:00","twitter_card":"summary_large_image","twitter_misc":{"Est. reading time":"2 minutes"},"schema":{"@context":"https:\/\/schema.org","@graph":[{"@type":"WebPage","@id":"https:\/\/base.milano.it\/eventi\/milano-circolare\/","url":"https:\/\/base.milano.it\/eventi\/milano-circolare\/","name":"Milano Circolare - BASE Milano","isPartOf":{"@id":"https:\/\/prelive.base.milano.it\/en\/#website"},"datePublished":"2024-02-26T17:45:49+00:00","dateModified":"2024-02-26T17:49:55+00:00","breadcrumb":{"@id":"https:\/\/base.milano.it\/eventi\/milano-circolare\/#breadcrumb"},"inLanguage":"en-US","potentialAction":[{"@type":"ReadAction","target":["https:\/\/base.milano.it\/eventi\/milano-circolare\/"]}]},{"@type":"BreadcrumbList","@id":"https:\/\/base.milano.it\/eventi\/milano-circolare\/#breadcrumb","itemListElement":[{"@type":"ListItem","position":1,"name":"Home","item":"https:\/\/base.milano.it\/en\/homepage\/"},{"@type":"ListItem","position":2,"name":"Events","item":"https:\/\/base.milano.it\/en\/events\/"},{"@type":"ListItem","position":3,"name":"Milano Circolare"}]},{"@type":"WebSite","@id":"https:\/\/prelive.base.milano.it\/en\/#website","url":"https:\/\/prelive.base.milano.it\/en\/","name":"BASE Milano","description":"","potentialAction":[{"@type":"SearchAction","target":{"@type":"EntryPoint","urlTemplate":"https:\/\/prelive.base.milano.it\/en\/?s={search_term_string}"},"query-input":{"@type":"PropertyValueSpecification","valueRequired":true,"valueName":"search_term_string"}}],"inLanguage":"en-US"}]}},"_links":{"self":[{"href":"https:\/\/base.milano.it\/en\/wp-json\/wp\/v2\/tribe_events\/9860"}],"collection":[{"href":"https:\/\/base.milano.it\/en\/wp-json\/wp\/v2\/tribe_events"}],"about":[{"href":"https:\/\/base.milano.it\/en\/wp-json\/wp\/v2\/types\/tribe_events"}],"author":[{"embeddable":true,"href":"https:\/\/base.milano.it\/en\/wp-json\/wp\/v2\/users\/3"}],"version-history":[{"count":4,"href":"https:\/\/base.milano.it\/en\/wp-json\/wp\/v2\/tribe_events\/9860\/revisions"}],"predecessor-version":[{"id":10174,"href":"https:\/\/base.milano.it\/en\/wp-json\/wp\/v2\/tribe_events\/9860\/revisions\/10174"}],"wp:attachment":[{"href":"https:\/\/base.milano.it\/en\/wp-json\/wp\/v2\/media?parent=9860"}],"wp:term":[{"taxonomy":"post_tag","embeddable":true,"href":"https:\/\/base.milano.it\/en\/wp-json\/wp\/v2\/tags?post=9860"},{"taxonomy":"tribe_events_cat","embeddable":true,"href":"https:\/\/base.milano.it\/en\/wp-json\/wp\/v2\/tribe_events_cat?post=9860"}],"curies":[{"name":"wp","href":"https:\/\/api.w.org\/{rel}","templated":true}]}}