{"id":20704,"date":"2024-10-22T10:13:16","date_gmt":"2024-10-22T08:13:16","guid":{"rendered":"https:\/\/base.milano.it\/?post_type=tribe_event_series&#038;p=20704"},"modified":"2025-04-15T17:04:08","modified_gmt":"2025-04-15T15:04:08","slug":"design-week-2025","status":"publish","type":"tribe_event_series","link":"https:\/\/base.milano.it\/en\/series\/design-week-2025\/","title":{"rendered":"Design Week 2025: Making Kin"},"content":{"rendered":"\n<figure class=\"wp-block-video\"><video autoplay controls loop muted src=\"https:\/\/base.milano.it\/wp-content\/uploads\/MK_1920x1080.mp4\" playsinline><\/video><\/figure>\n\n\n<style>\n\n@media screen and (max-width: 991px){\n    \n\nmain {\n    width: calc(100% - 44px);\n    margin-left: auto;\n}\n\nbody #site-footer {\n    width: calc(100% - 44px);\n    margin-left: auto;\n}\n\nbody ._home_newsletter {\n    width: calc(100% - 44px);\n    margin-left: auto;\n}\n}\n\n    .top-menu,\n    #mobileMenu {\n        background-color: #daf399 !important;\n    }\n\n    #expandedMobileMenu .accordion-body {\n        background-color: #daf399 !important;\n    }\n\n    #expandedMobileMenu nav ul a,\n    #expandedMobileMenu nav ul a:focus,\n    #expandedMobileMenu nav ul a:visited {\n        color: #4e3b35 !important;\n    }\n\n    .top-menu nav ul li a,\n    .top-menu nav ul li a:focus,\n    .top-menu nav ul li a:visited {\n        color: #4e3b35 !important;\n    }\n<\/style>\n\n<div class=\"accordion design-week\" id=\"mobileMenu\">\n    <div class=\"accordion-item\">\n        <h2 class=\"accordion-header\">\n            <span class=\"accordion-button collapsed\" type=\"button\" data-bs-toggle=\"collapse\" data-bs-target=\"#expandedMobileMenu\" aria-expanded=\"true\" aria-controls=\"expandedMobileMenu\">\n                menu\n            <\/span>\n        <\/h2>\n\n                    <div id=\"expandedMobileMenu\" class=\" accordion-collapse collapse\" data-bs-parent=\"#mobileMenu\">\n                <div class=\"accordion-body bg-matrix-wwd\">\n                    <nav>\n                        <ul>\n                                                            <li>\n                                    <a href=\"https:\/\/base.milano.it\/en\/we-will-design\/\">We Will Design: the project<\/a>\n                                <\/li>\n                                                            <li>\n                                    <a href=\"https:\/\/base.milano.it\/en\/making-kin\/\">Making Kin: the theme<\/a>\n                                <\/li>\n                                                            <li>\n                                    <a href=\"https:\/\/base.milano.it\/en\/series\/design-week-2025\/#talkins\">Public Program<\/a>\n                                <\/li>\n                                                    <\/ul>\n                    <\/nav>\n                <\/div>\n            <\/div>\n        \n\n\n\n    <\/div>\n<\/div>\n<div class=\"top-menu \">\n    <nav class=\"_container_base\">\n        <ul>\n                                <li>\n                        <a href=\"https:\/\/base.milano.it\/en\/we-will-design\/\">\n                            We Will Design: the project                        <\/a>\n                    <\/li>\n                                <li>\n                        <a href=\"https:\/\/base.milano.it\/en\/making-kin\/\">\n                            Making Kin: the theme                        <\/a>\n                    <\/li>\n                                <li>\n                        <a href=\"https:\/\/base.milano.it\/en\/series\/design-week-2025\/#talkins\">\n                            Public Program                        <\/a>\n                    <\/li>\n                    <\/ul>\n    <\/nav>\n<\/div>\n\n\n<div style=\"height:46px\" aria-hidden=\"true\" class=\"wp-block-spacer\"><\/div>\n\n\n<div class=\"wp-bootstrap-blocks-container _container_base mb-3\">\n\t\n\n<div style=\"height:20px\" aria-hidden=\"true\" class=\"wp-block-spacer\"><\/div>\n\n\n\n<h2 class=\"wp-block-heading has-text-color has-link-color wp-elements-472a165038d259f993de9b75e74dfa91\" style=\"color:#303030;font-size:28px;letter-spacing:-0.8px\">Building meaningful connections between humans, non-humans, and more-than-humans. Design Week 2025 at BASE is Making Kin.<\/h2>\n\n\n\n<div style=\"height:40px\" aria-hidden=\"true\" class=\"wp-block-spacer\"><\/div>\n\n\n\n<p class=\"has-text-color has-link-color wp-elements-d6e7ade06d035f52ebff5e444d9d7915\" style=\"color:#303030;font-size:16px;letter-spacing:-0.15px\">From April 7 to 13, BASE opens its doors to a temporary community of designers, architects, and artists to weave new forms of kinship.<\/p>\n\n<\/div>\n\n\n\n<div style=\"height:20px\" aria-hidden=\"true\" class=\"wp-block-spacer\"><\/div>\n\n\n\n    \n<section style=\"background-color: #4e3b35\" class=\"banner-news \">\n   <div class=\"scroll text4\">\n    <div class=\"scroll-info\">\n                   \n                           <a style=\"color: #f8e3da\" href=\"https:\/\/base.milano.it\/en\/making-kinships-un-atto-intenzionale-e-creativo\/\">\n                  \n                \n                WHAT DO WE MEAN WITH KINSHIPS? &#8599;\n                <\/a>\n            \n                   \n                           <a style=\"color: #f8e3da\" href=\"https:\/\/base.milano.it\/en\/making-kin\/\">\n                  \n                \n                DIVE DEEPER &#8599;\n                <\/a>\n            \n                <\/div>\n    <\/div>\n<\/section>\n\n\n\n\n<style>\n  .section-69f4e4e69e952.swiper-slide {\n    background-color: #f8e3da;\n  }\n\n  .section-69f4e4e69e955figcaption {\n    color: #4e3b35;\n  }\n<\/style>\n\n\n\n\n  <section  class=\"_carousel_editable section-69f4e4e6a0bd7\" style=\"color: #4e3b35;background-color: #f8e3da\">\n    <div class=\"_container_base p-0\">\n      <div class=\"swiper swiper-cmp-69f4e4e6a0bda pt-4\">\n        <h2>The projects of Design Week 2025 rethink interpersonal relationships beyond traditional bonds, proposing new forms of kinship\u2014connections and affinities\u2014based on conscious choices and shared values, through:<\/h2>\n\n        <p>\n                  <\/p>\n\n        <div class=\"swiper-wrapper\">\n          <!-- Slides -->\n          \n            <a href=\"https:\/\/base.milano.it\/en\/tortona-another-week\/\" class=\"swiper-slide\">\n              <figure>\n\n                                <img decoding=\"async\" class=\"w-100 mb-3\" src=\"https:\/\/base.milano.it\/wp-content\/uploads\/row-1-column-1-960x960.jpg\" alt=\"Another Week by Matilde Cassani Studio\">\n                <figcaption class=\"pb-3 mb-4\">\n                  <h5>Another Week by Matilde Cassani Studio<\/h5>\n                  <p>In a city that never stops accelerating, a space that slows down. Discover the large-scale installation in the Ground Hall.<\/p>\n                <\/figcaption>\n              <\/figure>\n            <\/a>\n\n          \n            <a href=\"https:\/\/base.milano.it\/en\/series\/design-week-2025\/#exhibit\" class=\"swiper-slide\">\n              <figure>\n\n                                <img decoding=\"async\" class=\"w-100 mb-3\" src=\"https:\/\/base.milano.it\/wp-content\/uploads\/row-1-column-3-960x960.jpg\" alt=\"Exhibit\">\n                <figcaption class=\"pb-3 mb-4\">\n                  <h5>Exhibit<\/h5>\n                  <p>A vast 4,000 sqm exhibition showcasing projects from academies, universities, design studios, and emerging designers.<\/p>\n                <\/figcaption>\n              <\/figure>\n            <\/a>\n\n          \n            <a href=\"https:\/\/base.milano.it\/en\/series\/design-week-2025\/#temporary-home\" class=\"swiper-slide\">\n              <figure>\n\n                                <img decoding=\"async\" class=\"w-100 mb-3\" src=\"https:\/\/base.milano.it\/wp-content\/uploads\/row-1-column-4-960x960.jpg\" alt=\"Temporary Home\">\n                <figcaption class=\"pb-3 mb-4\">\n                  <h5>Temporary Home<\/h5>\n                  <p>Five rooms for five designers from around the world. During Design Week, casaBASE\u2014our hostel\u2014will host five residency projects.<\/p>\n                <\/figcaption>\n              <\/figure>\n            <\/a>\n\n          \n            <a href=\"https:\/\/base.milano.it\/en\/the-glitch-camp-202\/\" class=\"swiper-slide\">\n              <figure>\n\n                                <img decoding=\"async\" class=\"w-100 mb-3\" src=\"https:\/\/base.milano.it\/wp-content\/uploads\/row-1-column-5-960x960.jpg\" alt=\"The Urban Rooftop Camp at BASE in collaboration with The Glitch Camp by IED\">\n                <figcaption class=\"pb-3 mb-4\">\n                  <h5>The Urban Rooftop Camp at BASE in collaboration with The Glitch Camp by IED<\/h5>\n                  <p>a collective experiment designed by Parasite 2.0\r\n\r\nFrom April 6 to 14, the rooftop campsite returns to BASE Milano. Ten days of shared living, design, and research alongside designers, architects, and artists from around the world.<\/p>\n                <\/figcaption>\n              <\/figure>\n            <\/a>\n\n          \n            <a href=\"https:\/\/base.milano.it\/en\/series\/design-week-2025\/#talkins\" class=\"swiper-slide\">\n              <figure>\n\n                                <img decoding=\"async\" class=\"w-100 mb-3\" src=\"https:\/\/base.milano.it\/wp-content\/uploads\/row-1-column-6-960x960.jpg\" alt=\"Public Program\">\n                <figcaption class=\"pb-3 mb-4\">\n                  <h5>Public Program<\/h5>\n                  <p>The Design Week Public Program weaves together visual arts, architecture, poetry, and science to redefine our relationship with space, time, and community.\r\n\r\n\r\n\r\n\r\n\r\n\r\n\r\n<\/p>\n                <\/figcaption>\n              <\/figure>\n            <\/a>\n\n          \n            <a href=\"https:\/\/base.milano.it\/en\/series\/design-week-2025\/#music\" class=\"swiper-slide\">\n              <figure>\n\n                                <img decoding=\"async\" class=\"w-100 mb-3\" src=\"https:\/\/base.milano.it\/wp-content\/uploads\/row-1-column-7-960x960.jpg\" alt=\"Musica e feste\">\n                <figcaption class=\"pb-3 mb-4\">\n                  <h5>Musica e feste<\/h5>\n                  <p>Two nights of sonic exploration, where clubbing, art, and electronic subcultures intertwine, shaping new forms of community.<\/p>\n                <\/figcaption>\n              <\/figure>\n            <\/a>\n\n                  <\/div>\n\n        <!-- Pagination & Scrollbar -->\n        <div class=\"swiper-pagination-ww\"><\/div>\n        <div class=\"swiper-scrollbar-ww\"><\/div>\n      <\/div>\n    <\/div>\n  <\/section>\n\n  <script>\n    document.addEventListener('DOMContentLoaded', function() {\n\n\n      const swiperEvidence = new Swiper('.swiper-cmp-69f4e4e6a0bda', {\n        \/\/ Optional parameters\n        loop: false,\n        \/\/slidesPerView: 5.4,\n        slidesPerView: 6.5,\n        spaceBetween: 48,\n        \/\/ slidesOffsetBefore: 16,\n        \/\/ slidesOffsetAfter: 16,\n        centeredSlides: false,\n        scrollbar: {\n          el: '.swiper-scrollbar-ev',\n          draggable: true,\n        },\n        breakpoints: {\n          \/\/ when window width is >= 320px\n          320: {\n            slidesPerView: 1.2,\n            spaceBetween: 20\n          },\n          \/\/ when window width is >= 480px\n          480: {\n            slidesPerView: 2.2,\n            spaceBetween: 30\n          },\n          \/\/ when window width is >= 640px\n          640: {\n            slidesPerView: 3.2,\n            spaceBetween: 32,\n\n          },\n          991: {\n            slidesPerView: 3.5,\n            spaceBetween: 36,\n          },\n          1200: {\n            slidesPerView: 3.5,\n            spaceBetween: 36,\n          },\n          1440: {\n            slidesPerView: 4.5,\n            spaceBetween: 32,\n          },\n          1680: {\n            slidesPerView: 5.5,\n            spaceBetween: 32,\n          }\n        }\n\n      });\n    });\n  <\/script>\n\n\n\n<div class=\"wp-block-cover is-light\" style=\"min-height:400px;aspect-ratio:unset;\"><span aria-hidden=\"true\" class=\"wp-block-cover__background has-black-background-color has-background-dim-0 has-background-dim\"><\/span><video class=\"wp-block-cover__video-background intrinsic-ignore\" autoplay muted loop playsinline src=\"https:\/\/base.milano.it\/wp-content\/uploads\/MK_sfondo_1920x1080.mp4\" data-object-fit=\"cover\"><\/video><div class=\"wp-block-cover__inner-container is-layout-constrained wp-block-cover-is-layout-constrained\"><div class=\"wp-bootstrap-blocks-container _container_base mb-2\">\n\t\n\n<div style=\"height:50px\" aria-hidden=\"true\" class=\"wp-block-spacer\"><\/div>\n\n\n\n<h2 class=\"wp-block-heading has-text-color has-link-color wp-elements-3d30955ca887b58e8c9286c3010a2858\" style=\"color:#4e3b35;font-size:28px;letter-spacing:-0.8px\">The goal is to build <strong>intergenerational and intersectional alliances<\/strong> that challenge hierarchies and oppression, fostering creative acts of resistance. Moving beyond the logic of purely biological kinship to embrace care and the recognition of differences, creating spaces for bonds of choice and co-creation.<\/h2>\n\n\n\n<div style=\"height:40px\" aria-hidden=\"true\" class=\"wp-block-spacer\"><\/div>\n\n<\/div>\n<\/div><\/div>\n\n\n\n    \n<section style=\"background-color: #daf399\" class=\"banner-news \">\n   <div class=\"scroll text4\">\n    <div class=\"scroll-info\">\n                   \n                           <a style=\"color: #4e3b35\" href=\"https:\/\/base.milano.it\/en\/making-kin\/\">\n                  \n                \n                KNOW MORE ABOUT THE THEME OF 2025 &#8599;\n                <\/a>\n            \n                   \n                           <a style=\"color: #4e3b35\" href=\"https:\/\/base.milano.it\/en\/making-kin\/\">\n                  \n                \n                WHAT DO WE MEAN BY KINSHIPS? &#8599;\n                <\/a>\n            \n                <\/div>\n    <\/div>\n<\/section>\n\n\n\n<section class=\"cmp_gallery\">\n    <div class=\"xx swiper swiper-cmp-gallery swiper-cmp-gallery-69f4e4e6c7673\">\n        <div class=\"swiper-wrapper\">\n                            <div class=\"swiper-slide\">\n                    <figure>\n\n                        <img decoding=\"async\" class=\"img-fluid\" src=\"https:\/\/base.milano.it\/wp-content\/uploads\/2025_We-Will-Design_Making-Kin_11-1300x650.jpg\" alt=\"\">\n                    <\/figure>\n                <\/div>\n                            <div class=\"swiper-slide\">\n                    <figure>\n\n                        <img decoding=\"async\" class=\"img-fluid\" src=\"https:\/\/base.milano.it\/wp-content\/uploads\/2025_We-Will-Design_Making-Kin_12-1300x650.jpg\" alt=\"\">\n                    <\/figure>\n                <\/div>\n                            <div class=\"swiper-slide\">\n                    <figure>\n\n                        <img decoding=\"async\" class=\"img-fluid\" src=\"https:\/\/base.milano.it\/wp-content\/uploads\/2025_We-Will-Design_Making-Kin_13-1280x650.jpg\" alt=\"\">\n                    <\/figure>\n                <\/div>\n                            <div class=\"swiper-slide\">\n                    <figure>\n\n                        <img decoding=\"async\" class=\"img-fluid\" src=\"https:\/\/base.milano.it\/wp-content\/uploads\/2025_We-Will-Design_Making-Kin_14-1280x650.jpg\" alt=\"\">\n                    <\/figure>\n                <\/div>\n                            <div class=\"swiper-slide\">\n                    <figure>\n\n                        <img decoding=\"async\" class=\"img-fluid\" src=\"https:\/\/base.milano.it\/wp-content\/uploads\/2025_We-Will-Design_Making-Kin_15-1280x650.jpg\" alt=\"\">\n                    <\/figure>\n                <\/div>\n                            <div class=\"swiper-slide\">\n                    <figure>\n\n                        <img decoding=\"async\" class=\"img-fluid\" src=\"https:\/\/base.milano.it\/wp-content\/uploads\/2025_We-Will-Design_Making-Kin_16-1300x650.jpg\" alt=\"\">\n                    <\/figure>\n                <\/div>\n                            <div class=\"swiper-slide\">\n                    <figure>\n\n                        <img decoding=\"async\" class=\"img-fluid\" src=\"https:\/\/base.milano.it\/wp-content\/uploads\/2025_We-Will-Design_Making-Kin_17-1300x650.jpg\" alt=\"\">\n                    <\/figure>\n                <\/div>\n                            <div class=\"swiper-slide\">\n                    <figure>\n\n                        <img decoding=\"async\" class=\"img-fluid\" src=\"https:\/\/base.milano.it\/wp-content\/uploads\/2025_We-Will-Design_Making-Kin_18-1300x650.jpg\" alt=\"\">\n                    <\/figure>\n                <\/div>\n                            <div class=\"swiper-slide\">\n                    <figure>\n\n                        <img decoding=\"async\" class=\"img-fluid\" src=\"https:\/\/base.milano.it\/wp-content\/uploads\/2025_We-Will-Design_Making-Kin_19-1280x650.jpg\" alt=\"\">\n                    <\/figure>\n                <\/div>\n                            <div class=\"swiper-slide\">\n                    <figure>\n\n                        <img decoding=\"async\" class=\"img-fluid\" src=\"https:\/\/base.milano.it\/wp-content\/uploads\/2025_We-Will-Design_Making-Kin_1-1280x650.jpg\" alt=\"\">\n                    <\/figure>\n                <\/div>\n                            <div class=\"swiper-slide\">\n                    <figure>\n\n                        <img decoding=\"async\" class=\"img-fluid\" src=\"https:\/\/base.milano.it\/wp-content\/uploads\/2025_We-Will-Design_Making-Kin_2-1300x650.jpg\" alt=\"\">\n                    <\/figure>\n                <\/div>\n                            <div class=\"swiper-slide\">\n                    <figure>\n\n                        <img decoding=\"async\" class=\"img-fluid\" src=\"https:\/\/base.milano.it\/wp-content\/uploads\/2025_We-Will-Design_Making-Kin_4-1300x650.jpg\" alt=\"\">\n                    <\/figure>\n                <\/div>\n                            <div class=\"swiper-slide\">\n                    <figure>\n\n                        <img decoding=\"async\" class=\"img-fluid\" src=\"https:\/\/base.milano.it\/wp-content\/uploads\/2025_We-Will-Design_Making-Kin_6-1300x650.jpg\" alt=\"\">\n                    <\/figure>\n                <\/div>\n                            <div class=\"swiper-slide\">\n                    <figure>\n\n                        <img decoding=\"async\" class=\"img-fluid\" src=\"https:\/\/base.milano.it\/wp-content\/uploads\/2025_We-Will-Design_Making-Kin_7-1300x650.jpg\" alt=\"\">\n                    <\/figure>\n                <\/div>\n                            <div class=\"swiper-slide\">\n                    <figure>\n\n                        <img decoding=\"async\" class=\"img-fluid\" src=\"https:\/\/base.milano.it\/wp-content\/uploads\/2025_We-Will-Design_Making-Kin_9-1300x650.jpg\" alt=\"\">\n                    <\/figure>\n                <\/div>\n                            <div class=\"swiper-slide\">\n                    <figure>\n\n                        <img decoding=\"async\" class=\"img-fluid\" src=\"https:\/\/base.milano.it\/wp-content\/uploads\/2025_We-Will-Design_Making-Kin_10-1300x650.jpg\" alt=\"\">\n                    <\/figure>\n                <\/div>\n                            <div class=\"swiper-slide\">\n                    <figure>\n\n                        <img decoding=\"async\" class=\"img-fluid\" src=\"https:\/\/base.milano.it\/wp-content\/uploads\/2025_We-Will-Design_Making-Kin_20-1-1300x650.jpg\" alt=\"\">\n                    <\/figure>\n                <\/div>\n                            <div class=\"swiper-slide\">\n                    <figure>\n\n                        <img decoding=\"async\" class=\"img-fluid\" src=\"https:\/\/base.milano.it\/wp-content\/uploads\/2025_We-Will-Design_Making-Kin_21-1300x650.jpg\" alt=\"\">\n                    <\/figure>\n                <\/div>\n                            <div class=\"swiper-slide\">\n                    <figure>\n\n                        <img decoding=\"async\" class=\"img-fluid\" src=\"https:\/\/base.milano.it\/wp-content\/uploads\/2025_We-Will-Design_Making-Kin_22-1300x650.jpg\" alt=\"\">\n                    <\/figure>\n                <\/div>\n                            <div class=\"swiper-slide\">\n                    <figure>\n\n                        <img decoding=\"async\" class=\"img-fluid\" src=\"https:\/\/base.milano.it\/wp-content\/uploads\/2025_We-Will-Design_Making-Kin_23-1300x650.jpg\" alt=\"\">\n                    <\/figure>\n                <\/div>\n                            <div class=\"swiper-slide\">\n                    <figure>\n\n                        <img decoding=\"async\" class=\"img-fluid\" src=\"https:\/\/base.milano.it\/wp-content\/uploads\/2025_We-Will-Design_Making-Kin_24-1300x650.jpg\" alt=\"\">\n                    <\/figure>\n                <\/div>\n                            <div class=\"swiper-slide\">\n                    <figure>\n\n                        <img decoding=\"async\" class=\"img-fluid\" src=\"https:\/\/base.milano.it\/wp-content\/uploads\/2025_We-Will-Design_Making-Kin_25-1300x650.jpg\" alt=\"\">\n                    <\/figure>\n                <\/div>\n                            <div class=\"swiper-slide\">\n                    <figure>\n\n                        <img decoding=\"async\" class=\"img-fluid\" src=\"https:\/\/base.milano.it\/wp-content\/uploads\/2025_We-Will-Design_Making-Kin_26-1300x650.jpg\" alt=\"\">\n                    <\/figure>\n                <\/div>\n                            <div class=\"swiper-slide\">\n                    <figure>\n\n                        <img decoding=\"async\" class=\"img-fluid\" src=\"https:\/\/base.milano.it\/wp-content\/uploads\/2025_We-Will-Design_Making-Kin_27-1300x650.jpg\" alt=\"\">\n                    <\/figure>\n                <\/div>\n                            <div class=\"swiper-slide\">\n                    <figure>\n\n                        <img decoding=\"async\" class=\"img-fluid\" src=\"https:\/\/base.milano.it\/wp-content\/uploads\/2025_We-Will-Design_Making-Kin_28-1300x650.jpg\" alt=\"\">\n                    <\/figure>\n                <\/div>\n                    <\/div>\n        <!-- Swiper Navigation Buttons -->\n        <div class=\"swiper-button-prev gallery-prev-69f4e4e6c7673\"><\/div>\n        <div class=\"swiper-button-next gallery-next-69f4e4e6c7673\"><\/div>\n    <\/div>\n<\/section>\n\n<script>\n    document.addEventListener('DOMContentLoaded', function() {\n        if (document.querySelector('.swiper-cmp-gallery-69f4e4e6c7673')) {\n            const swiperCmpGallery = new Swiper('.swiper-cmp-gallery-69f4e4e6c7673', {\n                \/\/ Optional parameters\n                direction: 'horizontal',\n                centeredSlidesBounds: true,\n                autoplay: {\n                    delay: 3000,\n                },\n                loop: false,\n                slidesPerView: 1,\n                spaceBetween: 45,\n                scrollbar: false, \/\/ {\n                \/\/   el: '.swiper-scrollbar-news',\n                \/\/   draggable: true,\n                \/\/ },\n                navigation: {\n                    prevEl: '.gallery-prev-69f4e4e6c7673',\n                    nextEl: '.gallery-next-69f4e4e6c7673',\n                },\n            });\n        }\n    });\n<\/script>\n\n\n<section  class=\"_home_news \" style=background-color:#daf399>\n    <div class=\"_container_base\">\n        <h2 class=\"news-title \">From experiential workshops to conversations on new ways of inhabiting space, through installations, performances, and collective rituals: this year\u2019s Public Program invites us to imagine alternative futures where design becomes a tool for connection, care, and social transformation.<\/h2>\n    <\/div>\n\n        <div class=\"_container_base p-0\">\n\n        <div class=\"swiper swiper-news swiper-cmp-69f4e4e6c9877\">\n            <!-- Additional required wrapper -->\n            <div class=\"swiper-wrapper\">\n                <!-- Slides -->\n                                                            \n                                                <div class=\"swiper-slide\">\n                            <a title=\"With All My Strength by Martina Rota activates Matilde Cassani\u2019s installation Another Week\" href=\"https:\/\/base.milano.it\/en\/event\/with-all-my-strength-another-week\/\" class=\"stretched-link\"><\/a>\n\n                            <h3>With All My Strength by Martina Rota activates Matilde Cassani\u2019s installation Another Week<\/h3>\n                            <div class=\"row g-1\">\n                                                                        <div class=\"col-auto\">\n                                            <div class=\"tag-pill\">\n                                                milano art week                                            <\/div>\n                                        <\/div>\n                                                                        <div class=\"col-auto\">\n                                            <div class=\"tag-pill\">\n                                                performing architecture                                            <\/div>\n                                        <\/div>\n                                                            <\/div>\n\n                            <figure>\n                                                                <img decoding=\"async\" class=\"w-100\" src=\"https:\/\/base.milano.it\/wp-content\/uploads\/PA_pp_square4-500x500.jpg\" alt=\"Design Week 2025: Making Kin\">\n\n                                <figcaption>\n                                    What lies behind a hypertrophic, monumental body? What are its vulnerabilities? What are its obsessions? What questions drive these bodies?&#8230;                                    <span class=\"icon-arrow\"><\/span>\n                                <\/figcaption>\n                            <\/figure>\n                        <\/div>\n\n                                            \n                                                <div class=\"swiper-slide\">\n                            <a title=\"TIME IS PRESENT. Designing the Common\" href=\"https:\/\/base.milano.it\/en\/event\/time-is-present-designing-the-common\/\" class=\"stretched-link\"><\/a>\n\n                            <h3>TIME IS PRESENT. Designing the Common<\/h3>\n                            <div class=\"row g-1\">\n                                                                        <div class=\"col-auto\">\n                                            <div class=\"tag-pill\">\n                                                community                                            <\/div>\n                                        <\/div>\n                                                                        <div class=\"col-auto\">\n                                            <div class=\"tag-pill\">\n                                                Making Kin                                            <\/div>\n                                        <\/div>\n                                                                        <div class=\"col-auto\">\n                                            <div class=\"tag-pill\">\n                                                sharing                                            <\/div>\n                                        <\/div>\n                                                            <\/div>\n\n                            <figure>\n                                                                <img decoding=\"async\" class=\"w-100\" src=\"https:\/\/base.milano.it\/wp-content\/uploads\/Public-Program-500x500.jpg\" alt=\"Design Week 2025: Making Kin\">\n\n                                <figcaption>\n                                    The ancient Greeks distinguished between two forms of time: Chronos \u2014 quantitative time, the time measured by clocks \u2014 and&#8230;                                    <span class=\"icon-arrow\"><\/span>\n                                <\/figcaption>\n                            <\/figure>\n                        <\/div>\n\n                                            \n                                                <div class=\"swiper-slide\">\n                            <a title=\"Designing Togetherness\" href=\"https:\/\/base.milano.it\/en\/event\/designing-togetherness\/\" class=\"stretched-link\"><\/a>\n\n                            <h3>Designing Togetherness<\/h3>\n                            <div class=\"row g-1\">\n                                                            <\/div>\n\n                            <figure>\n                                                                <img decoding=\"async\" class=\"w-100\" src=\"https:\/\/base.milano.it\/wp-content\/uploads\/Public-Program32-500x500.jpg\" alt=\"Design Week 2025: Making Kin\">\n\n                                <figcaption>\n                                    The cultural program Designing Togetherness continues at BASE Milano, where The Glitch Camp will welcome young designers\u2014including on the rooftop&#8230;                                    <span class=\"icon-arrow\"><\/span>\n                                <\/figcaption>\n                            <\/figure>\n                        <\/div>\n\n                                            \n                                                <div class=\"swiper-slide\">\n                            <a title=\"MATERIAL KINSHIP\" href=\"https:\/\/base.milano.it\/en\/event\/material-kinship-royal-college-art\/\" class=\"stretched-link\"><\/a>\n\n                            <h3>MATERIAL KINSHIP<\/h3>\n                            <div class=\"row g-1\">\n                                                            <\/div>\n\n                            <figure>\n                                                                <img decoding=\"async\" class=\"w-100\" src=\"https:\/\/base.milano.it\/wp-content\/uploads\/WWD_pp_square-500x500.jpg\" alt=\"Design Week 2025: Making Kin\">\n\n                                <figcaption>\n                                    Last year, the Royal College of Art participated in BASE\u2019s \u201cConvivial Laboratory\u201d exploring the agency of conviviality as an active&#8230;                                    <span class=\"icon-arrow\"><\/span>\n                                <\/figcaption>\n                            <\/figure>\n                        <\/div>\n\n                                            \n                                                <div class=\"swiper-slide\">\n                            <a title=\"Only Dreaming Will Keep Us Awake\/ Solo Sognar Ci Terr\u00e0 Svegli\" href=\"https:\/\/base.milano.it\/en\/event\/solo-sognar-ci-terra-svegli\/\" class=\"stretched-link\"><\/a>\n\n                            <h3>Only Dreaming Will Keep Us Awake\/ Solo Sognar Ci Terr\u00e0 Svegli<\/h3>\n                            <div class=\"row g-1\">\n                                                            <\/div>\n\n                            <figure>\n                                                                <img decoding=\"async\" class=\"w-100\" src=\"https:\/\/base.milano.it\/wp-content\/uploads\/WWD_pp_square_yoy-500x500.jpg\" alt=\"Design Week 2025: Making Kin\">\n\n                                <figcaption>\n                                    Ivan Tresoldi, an Italian visual poet and artist, presents di.versi, a free space for writing and contamination, where poetry and&#8230;                                    <span class=\"icon-arrow\"><\/span>\n                                <\/figcaption>\n                            <\/figure>\n                        <\/div>\n\n                                            \n                                                <div class=\"swiper-slide\">\n                            <a title=\"Collage Bang\" href=\"https:\/\/base.milano.it\/en\/event\/collage-bang\/\" class=\"stretched-link\"><\/a>\n\n                            <h3>Collage Bang<\/h3>\n                            <div class=\"row g-1\">\n                                                                        <div class=\"col-auto\">\n                                            <div class=\"tag-pill\">\n                                                attivit\u00e0                                            <\/div>\n                                        <\/div>\n                                                                        <div class=\"col-auto\">\n                                            <div class=\"tag-pill\">\n                                                collage                                            <\/div>\n                                        <\/div>\n                                                                        <div class=\"col-auto\">\n                                            <div class=\"tag-pill\">\n                                                Making Kin                                            <\/div>\n                                        <\/div>\n                                                            <\/div>\n\n                            <figure>\n                                                                <img decoding=\"async\" class=\"w-100\" src=\"https:\/\/base.milano.it\/wp-content\/uploads\/Public-Program72-500x500.jpg\" alt=\"Design Week 2025: Making Kin\">\n\n                                <figcaption>\n                                    Cut, layer, deconstruct. Collage is a delicate balance between fullness and emptiness, material and absence. In this workshop, children and&#8230;                                    <span class=\"icon-arrow\"><\/span>\n                                <\/figcaption>\n                            <\/figure>\n                        <\/div>\n\n                                            \n                                                <div class=\"swiper-slide\">\n                            <a title=\"Kabila: Living the Future, Rethinking Communities, Spaces, and Rituals of Sharing\" href=\"https:\/\/base.milano.it\/en\/event\/kabila-abitare-il-futuro-ripensare-comunita-spazi-e-rituali-di-condivisione\/\" class=\"stretched-link\"><\/a>\n\n                            <h3>Kabila: Living the Future, Rethinking Communities, Spaces, and Rituals of Sharing<\/h3>\n                            <div class=\"row g-1\">\n                                                                        <div class=\"col-auto\">\n                                            <div class=\"tag-pill\">\n                                                community                                            <\/div>\n                                        <\/div>\n                                                                        <div class=\"col-auto\">\n                                            <div class=\"tag-pill\">\n                                                Making Kin                                            <\/div>\n                                        <\/div>\n                                                                        <div class=\"col-auto\">\n                                            <div class=\"tag-pill\">\n                                                sharing                                            <\/div>\n                                        <\/div>\n                                                            <\/div>\n\n                            <figure>\n                                                                <img decoding=\"async\" class=\"w-100\" src=\"https:\/\/base.milano.it\/wp-content\/uploads\/WWD_pp_square_divercity-500x500.jpg\" alt=\"Design Week 2025: Making Kin\">\n\n                                <figcaption>\n                                    For Milan Design Week, the DiverCity Festival presents a conversation that reimagines the future by drawing on the power of&#8230;                                    <span class=\"icon-arrow\"><\/span>\n                                <\/figcaption>\n                            <\/figure>\n                        <\/div>\n\n                                                                    <\/div>\n            <!-- If we need pagination -->\n            <div class=\"swiper-pagination\"><\/div>\n            <!-- If we need scrollbar -->\n            <div class=\"swiper-scrollbar-news\"><\/div>\n        <\/div>\n    <\/div>\n<\/section>\n<script>\n    document.addEventListener('DOMContentLoaded', function() {\n        const swiperNews = new Swiper('.swiper-cmp-69f4e4e6c9877', {\n            \/\/ Optional parameters\n            loop: false,\n            slidesPerView: 6.5,\n            spaceBetween: 48,\n            \/\/slidesOffsetBefore: 16,\n            \/\/slidesOffsetAfter: 16,\n            scrollbar: {\n                el: '.swiper-scrollbar-news',\n                draggable: true,\n            },\n            breakpoints: {\n                \/\/ when window width is >= 320px\n                320: {\n                    slidesPerView: 1.2,\n                    spaceBetween: 20\n                },\n                \/\/ when window width is >= 480px\n                480: {\n                    slidesPerView: 2.2,\n                    spaceBetween: 30\n                },\n                \/\/ when window width is >= 640px\n                640: {\n                    slidesPerView: 3.2,\n                    spaceBetween: 32,\n\n                },\n                991: {\n                    slidesPerView: 3.5,\n                    spaceBetween: 36,\n\n                },\n                1200: {\n                    slidesPerView: 3.5,\n                    spaceBetween: 36,\n                },\n                1440: {\n                    slidesPerView: 4.5,\n                    spaceBetween: 32,\n                },\n                1680: {\n                    slidesPerView: 5.5,\n                    spaceBetween: 32,\n                }\n            }\n        });\n    });\n<\/script>\n\n\n<section  class=\"_home_news \" style=background-color:#f8e3da>\n    <div class=\"_container_base\">\n        <h2 class=\"news-title \">Exhibit: 4,000 sqm over two floors host a large-scale exhibition, bringing together projects from academies, universities, design studios, and emerging talents.<\/h2>\n    <\/div>\n\n        <div class=\"_container_base p-0\">\n\n        <div class=\"swiper swiper-news swiper-cmp-69f4e4e6d1381\">\n            <!-- Additional required wrapper -->\n            <div class=\"swiper-wrapper\">\n                <!-- Slides -->\n                                                            \n                                                <div class=\"swiper-slide\">\n                            <a title=\"Adi Friedman &amp; Ceren S\u00f6zer \u2013\u2013 A Taken Hand\u00a0\" href=\"https:\/\/base.milano.it\/en\/adi-friedman-ceren-sozer-the-hand-givers-a-taken-hand\/\" class=\"stretched-link\"><\/a>\n\n                            <h3>Adi Friedman &amp; Ceren S\u00f6zer \u2013\u2013 A Taken Hand\u00a0<\/h3>\n                            <div class=\"row g-1\">\n                                                                        <div class=\"col-auto\">\n                                            <div class=\"tag-pill\">\n                                                design                                            <\/div>\n                                        <\/div>\n                                                                        <div class=\"col-auto\">\n                                            <div class=\"tag-pill\">\n                                                exhibit                                            <\/div>\n                                        <\/div>\n                                                            <\/div>\n\n                            <figure>\n                                                                <img decoding=\"async\" class=\"w-100\" src=\"https:\/\/base.milano.it\/wp-content\/uploads\/A-Taken-Hand-04-Ceren-SA\u00b6zer-500x500.jpg\" alt=\"Design Week 2025: Making Kin\">\n\n                                <figcaption>\n                                    A device between divination and posthuman technology An ancient divination practice meets reuse technology in &#8220;A Taken Hand,&#8221; a speculative&#8230;                                    <span class=\"icon-arrow\"><\/span>\n                                <\/figcaption>\n                            <\/figure>\n                        <\/div>\n\n                                            \n                                                <div class=\"swiper-slide\">\n                            <a title=\"Another Design Lab \/ studio PARADIGM \u2013\u2013 Akin\" href=\"https:\/\/base.milano.it\/en\/another-design-lab-studio-paradigm-akin\/\" class=\"stretched-link\"><\/a>\n\n                            <h3>Another Design Lab \/ studio PARADIGM \u2013\u2013 Akin<\/h3>\n                            <div class=\"row g-1\">\n                                                                        <div class=\"col-auto\">\n                                            <div class=\"tag-pill\">\n                                                design                                            <\/div>\n                                        <\/div>\n                                                                        <div class=\"col-auto\">\n                                            <div class=\"tag-pill\">\n                                                exhibit                                            <\/div>\n                                        <\/div>\n                                                            <\/div>\n\n                            <figure>\n                                                                <img decoding=\"async\" class=\"w-100\" src=\"https:\/\/base.milano.it\/wp-content\/uploads\/ADL-I-Akin1-Nour-Elleissy-2-500x500.jpg\" alt=\"Design Week 2025: Making Kin\">\n\n                                <figcaption>\n                                    A human-insect ecosystem redefining coexistence A device that challenges human supremacy over nature by transforming insects into active agents of&#8230;                                    <span class=\"icon-arrow\"><\/span>\n                                <\/figcaption>\n                            <\/figure>\n                        <\/div>\n\n                                            \n                                                <div class=\"swiper-slide\">\n                            <a title=\"Adreea Tron \u2013\u2013 The Future of Craft\" href=\"https:\/\/base.milano.it\/en\/adreea-tron-the-future-of-craft\/\" class=\"stretched-link\"><\/a>\n\n                            <h3>Adreea Tron \u2013\u2013 The Future of Craft<\/h3>\n                            <div class=\"row g-1\">\n                                                                        <div class=\"col-auto\">\n                                            <div class=\"tag-pill\">\n                                                design                                            <\/div>\n                                        <\/div>\n                                                                        <div class=\"col-auto\">\n                                            <div class=\"tag-pill\">\n                                                exhibit                                            <\/div>\n                                        <\/div>\n                                                            <\/div>\n\n                            <figure>\n                                                                <img decoding=\"async\" class=\"w-100\" src=\"https:\/\/base.milano.it\/wp-content\/uploads\/group-Andreea-Tron-500x500.jpg\" alt=\"Design Week 2025: Making Kin\">\n\n                                <figcaption>\n                                    In an era of radical transformation, fashion is not just about dressing the body\u2014it becomes a language to imagine the&#8230;                                    <span class=\"icon-arrow\"><\/span>\n                                <\/figcaption>\n                            <\/figure>\n                        <\/div>\n\n                                            \n                                                <div class=\"swiper-slide\">\n                            <a title=\"Ahmet Selcuk Dis \u2013\u2013 Can cctv see the electric frog?\" href=\"https:\/\/base.milano.it\/en\/ahmet-selcuk-dis\/\" class=\"stretched-link\"><\/a>\n\n                            <h3>Ahmet Selcuk Dis \u2013\u2013 Can cctv see the electric frog?<\/h3>\n                            <div class=\"row g-1\">\n                                                                        <div class=\"col-auto\">\n                                            <div class=\"tag-pill\">\n                                                design                                            <\/div>\n                                        <\/div>\n                                                                        <div class=\"col-auto\">\n                                            <div class=\"tag-pill\">\n                                                exhibit                                            <\/div>\n                                        <\/div>\n                                                            <\/div>\n\n                            <figure>\n                                                                <img decoding=\"async\" class=\"w-100\" src=\"https:\/\/base.milano.it\/wp-content\/uploads\/Ahmet_Selcuk_Dis_canCCTVseetheelectricfrog_installation_01-selcuk-dis-500x500.jpg\" alt=\"Design Week 2025: Making Kin\">\n\n                                <figcaption>\n                                    A series of transformative garments that evade the gaze of surveillance cameras taking cues from the ability of octopuses and&#8230;                                    <span class=\"icon-arrow\"><\/span>\n                                <\/figcaption>\n                            <\/figure>\n                        <\/div>\n\n                                            \n                                                <div class=\"swiper-slide\">\n                            <a title=\"Alessio Pinton \u2014 An Amalgam Loop\" href=\"https:\/\/base.milano.it\/en\/alessio-pinton-an-amalgam-loop\/\" class=\"stretched-link\"><\/a>\n\n                            <h3>Alessio Pinton \u2014 An Amalgam Loop<\/h3>\n                            <div class=\"row g-1\">\n                                                                        <div class=\"col-auto\">\n                                            <div class=\"tag-pill\">\n                                                design                                            <\/div>\n                                        <\/div>\n                                                                        <div class=\"col-auto\">\n                                            <div class=\"tag-pill\">\n                                                exhibit                                            <\/div>\n                                        <\/div>\n                                                            <\/div>\n\n                            <figure>\n                                                                <img decoding=\"async\" class=\"w-100\" src=\"https:\/\/base.milano.it\/wp-content\/uploads\/4-Alessio-Pinton-500x500.jpg\" alt=\"Design Week 2025: Making Kin\">\n\n                                <figcaption>\n                                    An Amalgam Loop is a sympoietic symphony, an intricate apparatus where limestone, vinegar, and sound weave a story of kinship&#8230;                                    <span class=\"icon-arrow\"><\/span>\n                                <\/figcaption>\n                            <\/figure>\n                        <\/div>\n\n                                            \n                                                <div class=\"swiper-slide\">\n                            <a title=\"Ana Souto Neves \u2014 M.A.R.A. (Mental Aid Relaxation Assistant)\" href=\"https:\/\/base.milano.it\/en\/ana-souto-neves-mara\/\" class=\"stretched-link\"><\/a>\n\n                            <h3>Ana Souto Neves \u2014 M.A.R.A. (Mental Aid Relaxation Assistant)<\/h3>\n                            <div class=\"row g-1\">\n                                                                        <div class=\"col-auto\">\n                                            <div class=\"tag-pill\">\n                                                design                                            <\/div>\n                                        <\/div>\n                                                                        <div class=\"col-auto\">\n                                            <div class=\"tag-pill\">\n                                                exhibit                                            <\/div>\n                                        <\/div>\n                                                            <\/div>\n\n                            <figure>\n                                                                <img decoding=\"async\" class=\"w-100\" src=\"https:\/\/base.milano.it\/wp-content\/uploads\/AnaLourencoSoutoNeves_M-A-R-A-_cNicoleMarnati-Ana-Neves-500x500.jpg\" alt=\"Design Week 2025: Making Kin\">\n\n                                <figcaption>\n                                    In a world often hostile to vulnerability, M.A.R.A. insists on interdependence, reminding us that technology, if carefully designed, can be&#8230;                                    <span class=\"icon-arrow\"><\/span>\n                                <\/figcaption>\n                            <\/figure>\n                        <\/div>\n\n                                            \n                                                <div class=\"swiper-slide\">\n                            <a title=\"Anton W.V.\u00a0Ripon \u2014 Site drawing, from GPS tracking to architecture\" href=\"https:\/\/base.milano.it\/en\/anton-ripon-site-drawing-from-gps-tracking-to-architecture\/\" class=\"stretched-link\"><\/a>\n\n                            <h3>Anton W.V.\u00a0Ripon \u2014 Site drawing, from GPS tracking to architecture<\/h3>\n                            <div class=\"row g-1\">\n                                                                        <div class=\"col-auto\">\n                                            <div class=\"tag-pill\">\n                                                design                                            <\/div>\n                                        <\/div>\n                                                                        <div class=\"col-auto\">\n                                            <div class=\"tag-pill\">\n                                                exhibit                                            <\/div>\n                                        <\/div>\n                                                            <\/div>\n\n                            <figure>\n                                                                <img decoding=\"async\" class=\"w-100\" src=\"https:\/\/base.milano.it\/wp-content\/uploads\/53904462232_e59cff53d2_o-Anton-RIPON-500x500.jpg\" alt=\"Design Week 2025: Making Kin\">\n\n                                <figcaption>\n                                    A practice that dissolves the boundaries between body, technology and environment, transforming space into a living, pulsating palimpsest. Every step&#8230;                                    <span class=\"icon-arrow\"><\/span>\n                                <\/figcaption>\n                            <\/figure>\n                        <\/div>\n\n                                            \n                                                <div class=\"swiper-slide\">\n                            <a title=\"BioWdesign \u2014 LIKE A TREE IN THE WIND\" href=\"https:\/\/base.milano.it\/en\/biowdesign-like-a-tree-in-the-wind\/\" class=\"stretched-link\"><\/a>\n\n                            <h3>BioWdesign \u2014 LIKE A TREE IN THE WIND<\/h3>\n                            <div class=\"row g-1\">\n                                                                        <div class=\"col-auto\">\n                                            <div class=\"tag-pill\">\n                                                design                                            <\/div>\n                                        <\/div>\n                                                                        <div class=\"col-auto\">\n                                            <div class=\"tag-pill\">\n                                                exhibit                                            <\/div>\n                                        <\/div>\n                                                                        <div class=\"col-auto\">\n                                            <div class=\"tag-pill\">\n                                                universit\u00e0                                            <\/div>\n                                        <\/div>\n                                                                        <div class=\"col-auto\">\n                                            <div class=\"tag-pill\">\n                                                universities                                            <\/div>\n                                        <\/div>\n                                                            <\/div>\n\n                            <figure>\n                                                                <img decoding=\"async\" class=\"w-100\" src=\"https:\/\/base.milano.it\/wp-content\/uploads\/like-a-tree-in-the-wind-500x500.jpg\" alt=\"Design Week 2025: Making Kin\">\n\n                                <figcaption>\n                                    Biomimetic Studies for Well-Being in Modern Workspaces. A Fusion of Nature and Innovation: Utilization and transfer of biomimetic mechanisms of&#8230;                                    <span class=\"icon-arrow\"><\/span>\n                                <\/figcaption>\n                            <\/figure>\n                        <\/div>\n\n                                            \n                                                <div class=\"swiper-slide\">\n                            <a title=\"CampuStore w\/ Francesco Bombardi\" href=\"https:\/\/base.milano.it\/en\/campustore-w-francesco-bombardi\/\" class=\"stretched-link\"><\/a>\n\n                            <h3>CampuStore w\/ Francesco Bombardi<\/h3>\n                            <div class=\"row g-1\">\n                                                            <\/div>\n\n                            <figure>\n                                                                <img decoding=\"async\" class=\"w-100\" src=\"https:\/\/base.milano.it\/wp-content\/uploads\/3-3-500x500.jpg\" alt=\"Design Week 2025: Making Kin\">\n\n                                <figcaption>\n                                    Can a school environment become a space for meta-thinking, where student and teacher well-being is at the core, blending innovation,&#8230;                                    <span class=\"icon-arrow\"><\/span>\n                                <\/figcaption>\n                            <\/figure>\n                        <\/div>\n\n                                            \n                                                <div class=\"swiper-slide\">\n                            <a title=\"Carolina P\u00e9rez-Moreno \u2014 The Reclaiming Her\u00a0\" href=\"https:\/\/base.milano.it\/en\/carolina-perez-moreno-the-reclaiming-her\/\" class=\"stretched-link\"><\/a>\n\n                            <h3>Carolina P\u00e9rez-Moreno \u2014 The Reclaiming Her\u00a0<\/h3>\n                            <div class=\"row g-1\">\n                                                                        <div class=\"col-auto\">\n                                            <div class=\"tag-pill\">\n                                                design                                            <\/div>\n                                        <\/div>\n                                                                        <div class=\"col-auto\">\n                                            <div class=\"tag-pill\">\n                                                exhibit                                            <\/div>\n                                        <\/div>\n                                                            <\/div>\n\n                            <figure>\n                                                                <img decoding=\"async\" class=\"w-100\" src=\"https:\/\/base.milano.it\/wp-content\/uploads\/OFFICIAL-CATALOGUE-Carolina-PA\u00a9rez-Moreno-500x500.jpg\" alt=\"Design Week 2025: Making Kin\">\n\n                                <figcaption>\n                                    A collection of jewellery to reclaim the landscapes of insecurities, not erasing them but adorning them, turning scars into maps&#8230;                                    <span class=\"icon-arrow\"><\/span>\n                                <\/figcaption>\n                            <\/figure>\n                        <\/div>\n\n                                            \n                                                <div class=\"swiper-slide\">\n                            <a title=\"Caterina Viguera &amp; Ramon Landolt \u2013\u2013 Reparative Sound\" href=\"https:\/\/base.milano.it\/en\/caterina-viguera-ramon-landolt-reparative-sound\/\" class=\"stretched-link\"><\/a>\n\n                            <h3>Caterina Viguera &amp; Ramon Landolt \u2013\u2013 Reparative Sound<\/h3>\n                            <div class=\"row g-1\">\n                                                                        <div class=\"col-auto\">\n                                            <div class=\"tag-pill\">\n                                                design                                            <\/div>\n                                        <\/div>\n                                                                        <div class=\"col-auto\">\n                                            <div class=\"tag-pill\">\n                                                exhibit                                            <\/div>\n                                        <\/div>\n                                                            <\/div>\n\n                            <figure>\n                                                                <img decoding=\"async\" class=\"w-100\" src=\"https:\/\/base.milano.it\/wp-content\/uploads\/17-2-500x500.jpg\" alt=\"Design Week 2025: Making Kin\">\n\n                                <figcaption>\n                                    In contemporary cities, the soundscape is an ever-changing web: the hum of machines blends with the calls of animals, the&#8230;                                    <span class=\"icon-arrow\"><\/span>\n                                <\/figcaption>\n                            <\/figure>\n                        <\/div>\n\n                                            \n                                                <div class=\"swiper-slide\">\n                            <a title=\"Cris Olmedo &amp; QS Ventures \u2013\u2013 Ascolta la Mamma\" href=\"https:\/\/base.milano.it\/en\/ascolta-la-mamma\/\" class=\"stretched-link\"><\/a>\n\n                            <h3>Cris Olmedo &amp; QS Ventures \u2013\u2013 Ascolta la Mamma<\/h3>\n                            <div class=\"row g-1\">\n                                                                        <div class=\"col-auto\">\n                                            <div class=\"tag-pill\">\n                                                design                                            <\/div>\n                                        <\/div>\n                                                                        <div class=\"col-auto\">\n                                            <div class=\"tag-pill\">\n                                                exhibit                                            <\/div>\n                                        <\/div>\n                                                            <\/div>\n\n                            <figure>\n                                                                <img decoding=\"async\" class=\"w-100\" src=\"https:\/\/base.milano.it\/wp-content\/uploads\/ALM_CO-cristobal-olmedo-500x500.jpg\" alt=\"Design Week 2025: Making Kin\">\n\n                                <figcaption>\n                                    A confessional for the wounded earth, a speculative sanctuary for the creation of kinship among the ruins of the Anthropocene&#8230;                                    <span class=\"icon-arrow\"><\/span>\n                                <\/figcaption>\n                            <\/figure>\n                        <\/div>\n\n                                            \n                                                <div class=\"swiper-slide\">\n                            <a title=\"Dale Konstanz \u2014 C.A.M. (Capture A Moment)\" href=\"https:\/\/base.milano.it\/en\/dale-konstanz-c-a-m-capture-a-moment\/\" class=\"stretched-link\"><\/a>\n\n                            <h3>Dale Konstanz \u2014 C.A.M. (Capture A Moment)<\/h3>\n                            <div class=\"row g-1\">\n                                                                        <div class=\"col-auto\">\n                                            <div class=\"tag-pill\">\n                                                design                                            <\/div>\n                                        <\/div>\n                                                                        <div class=\"col-auto\">\n                                            <div class=\"tag-pill\">\n                                                exhibit                                            <\/div>\n                                        <\/div>\n                                                            <\/div>\n\n                            <figure>\n                                                                <img decoding=\"async\" class=\"w-100\" src=\"https:\/\/base.milano.it\/wp-content\/uploads\/EXHIBIT-SQUARE-1-500x500.jpg\" alt=\"Design Week 2025: Making Kin\">\n\n                                <figcaption>\n                                    Street photography as an extension of the youthful gaze, enabling the weaving of visual narratives that not only represent, but&#8230;                                    <span class=\"icon-arrow\"><\/span>\n                                <\/figcaption>\n                            <\/figure>\n                        <\/div>\n\n                                            \n                                                <div class=\"swiper-slide\">\n                            <a title=\"Delia R\u00f6\u00dfer \u2013\u2013 Choreography of Work\" href=\"https:\/\/base.milano.it\/en\/delia-roser-choreography-of-work\/\" class=\"stretched-link\"><\/a>\n\n                            <h3>Delia R\u00f6\u00dfer \u2013\u2013 Choreography of Work<\/h3>\n                            <div class=\"row g-1\">\n                                                                        <div class=\"col-auto\">\n                                            <div class=\"tag-pill\">\n                                                design                                            <\/div>\n                                        <\/div>\n                                                                        <div class=\"col-auto\">\n                                            <div class=\"tag-pill\">\n                                                exhibit                                            <\/div>\n                                        <\/div>\n                                                            <\/div>\n\n                            <figure>\n                                                                <img decoding=\"async\" class=\"w-100\" src=\"https:\/\/base.milano.it\/wp-content\/uploads\/15-2-500x500.jpg\" alt=\"Design Week 2025: Making Kin\">\n\n                                <figcaption>\n                                    This project retraces the history of technology through a feminist lens, revealing the essential yet often invisible role of manual&#8230;                                    <span class=\"icon-arrow\"><\/span>\n                                <\/figcaption>\n                            <\/figure>\n                        <\/div>\n\n                                            \n                                                <div class=\"swiper-slide\">\n                            <a title=\"DeremCo \u2013 Europe for a New Life of Composite Materials\" href=\"https:\/\/base.milano.it\/en\/deremco\/\" class=\"stretched-link\"><\/a>\n\n                            <h3>DeremCo \u2013 Europe for a New Life of Composite Materials<\/h3>\n                            <div class=\"row g-1\">\n                                                                        <div class=\"col-auto\">\n                                            <div class=\"tag-pill\">\n                                                design                                            <\/div>\n                                        <\/div>\n                                                                        <div class=\"col-auto\">\n                                            <div class=\"tag-pill\">\n                                                exhibit                                            <\/div>\n                                        <\/div>\n                                                            <\/div>\n\n                            <figure>\n                                                                <img decoding=\"async\" class=\"w-100\" src=\"https:\/\/base.milano.it\/wp-content\/uploads\/DeremCO_cortamobile-500x500.jpg\" alt=\"Design Week 2025: Making Kin\">\n\n                                <figcaption>\n                                    A project that tackles the challenge of end-of-life composite materials. DeremCo, an acronym for &#8220;De-and Remanufacturing for Circular Economy Investments&#8230;                                    <span class=\"icon-arrow\"><\/span>\n                                <\/figcaption>\n                            <\/figure>\n                        <\/div>\n\n                                            \n                                                <div class=\"swiper-slide\">\n                            <a title=\"Domenico di Paolo and Kieran Feechan \u2014 Aurora\" href=\"https:\/\/base.milano.it\/en\/domenico-di-paolo-e-kieran-feechan-aurora\/\" class=\"stretched-link\"><\/a>\n\n                            <h3>Domenico di Paolo and Kieran Feechan \u2014 Aurora<\/h3>\n                            <div class=\"row g-1\">\n                                                                        <div class=\"col-auto\">\n                                            <div class=\"tag-pill\">\n                                                design                                            <\/div>\n                                        <\/div>\n                                                                        <div class=\"col-auto\">\n                                            <div class=\"tag-pill\">\n                                                exhibit                                            <\/div>\n                                        <\/div>\n                                                            <\/div>\n\n                            <figure>\n                                                                <img decoding=\"async\" class=\"w-100\" src=\"https:\/\/base.milano.it\/wp-content\/uploads\/Photo-1-Domenico-Di-Paolo.jpg\" alt=\"Design Week 2025: Making Kin\">\n\n                                <figcaption>\n                                    A device on the threshold of flesh and code, evoking a new form of communion. Here faith is not whispered&#8230;                                    <span class=\"icon-arrow\"><\/span>\n                                <\/figcaption>\n                            <\/figure>\n                        <\/div>\n\n                                            \n                                                <div class=\"swiper-slide\">\n                            <a title=\"Domus Academy \u2013\u2013 UNFOLD: Reaffirm Design\" href=\"https:\/\/base.milano.it\/en\/domus-academy-unfold-reaffirm-design\/\" class=\"stretched-link\"><\/a>\n\n                            <h3>Domus Academy \u2013\u2013 UNFOLD: Reaffirm Design<\/h3>\n                            <div class=\"row g-1\">\n                                                            <\/div>\n\n                            <figure>\n                                                                <img decoding=\"async\" class=\"w-100\" src=\"https:\/\/base.milano.it\/wp-content\/uploads\/Tracked-and-Sold_5-500x500.jpg\" alt=\"Design Week 2025: Making Kin\">\n\n                                <figcaption>\n                                    For the second consecutive year, UNFOLD, the initiative curated by Domus Academy, brings together students from 12 prestigious international universities&#8230;                                    <span class=\"icon-arrow\"><\/span>\n                                <\/figcaption>\n                            <\/figure>\n                        <\/div>\n\n                                            \n                                                <div class=\"swiper-slide\">\n                            <a title=\"einaidea\u00a0Barcelona \u2013\u2013 Ecosystem Sampler (Sporal Properties)\" href=\"https:\/\/base.milano.it\/en\/manuel-cirauqui-eina-einaidea-ecosystem-sampler-sporal-properties\/\" class=\"stretched-link\"><\/a>\n\n                            <h3>einaidea\u00a0Barcelona \u2013\u2013 Ecosystem Sampler (Sporal Properties)<\/h3>\n                            <div class=\"row g-1\">\n                                                                        <div class=\"col-auto\">\n                                            <div class=\"tag-pill\">\n                                                design                                            <\/div>\n                                        <\/div>\n                                                                        <div class=\"col-auto\">\n                                            <div class=\"tag-pill\">\n                                                exhibit                                            <\/div>\n                                        <\/div>\n                                                                        <div class=\"col-auto\">\n                                            <div class=\"tag-pill\">\n                                                universit\u00e0                                            <\/div>\n                                        <\/div>\n                                                            <\/div>\n\n                            <figure>\n                                                                <img decoding=\"async\" class=\"w-100\" src=\"https:\/\/base.milano.it\/wp-content\/uploads\/EINAIDEA-ALTRES_18.03-27-Manuel-Cirauqui-1-500x500.jpg\" alt=\"Design Week 2025: Making Kin\">\n\n                                <figcaption>\n                                    An unapologetical display of tools for an epoch of disfunction and recalibration, disorientation and instinctive survival poetics. Ecosystem Sampler (Sporal&#8230;                                    <span class=\"icon-arrow\"><\/span>\n                                <\/figcaption>\n                            <\/figure>\n                        <\/div>\n\n                                            \n                                                <div class=\"swiper-slide\">\n                            <a title=\"Elena Zaghis \u2014 Delta Flight 237\" href=\"https:\/\/base.milano.it\/en\/elena-zaghis-delta-flight-237\/\" class=\"stretched-link\"><\/a>\n\n                            <h3>Elena Zaghis \u2014 Delta Flight 237<\/h3>\n                            <div class=\"row g-1\">\n                                                                        <div class=\"col-auto\">\n                                            <div class=\"tag-pill\">\n                                                design                                            <\/div>\n                                        <\/div>\n                                                                        <div class=\"col-auto\">\n                                            <div class=\"tag-pill\">\n                                                exhibit                                            <\/div>\n                                        <\/div>\n                                                            <\/div>\n\n                            <figure>\n                                                                <img decoding=\"async\" class=\"w-100\" src=\"https:\/\/base.milano.it\/wp-content\/uploads\/IMG_4762-Elena-Parpinello-500x500.jpg\" alt=\"Design Week 2025: Making Kin\">\n\n                                <figcaption>\n                                    Delta Flight 237 is an act of speculative storytelling that entangles humans and artificial intelligence in a dance of fiction,&#8230;                                    <span class=\"icon-arrow\"><\/span>\n                                <\/figcaption>\n                            <\/figure>\n                        <\/div>\n\n                                            \n                                                <div class=\"swiper-slide\">\n                            <a title=\"Eleni Vrettakou \u2013\u2013 Hyperthermal Tales\" href=\"https:\/\/base.milano.it\/en\/eleni-vrettakou-hyperthermal-tales\/\" class=\"stretched-link\"><\/a>\n\n                            <h3>Eleni Vrettakou \u2013\u2013 Hyperthermal Tales<\/h3>\n                            <div class=\"row g-1\">\n                                                                        <div class=\"col-auto\">\n                                            <div class=\"tag-pill\">\n                                                design                                            <\/div>\n                                        <\/div>\n                                                                        <div class=\"col-auto\">\n                                            <div class=\"tag-pill\">\n                                                exhibit                                            <\/div>\n                                        <\/div>\n                                                            <\/div>\n\n                            <figure>\n                                                                <img decoding=\"async\" class=\"w-100\" src=\"https:\/\/base.milano.it\/wp-content\/uploads\/13-1-500x500.jpg\" alt=\"Design Week 2025: Making Kin\">\n\n                                <figcaption>\n                                    Through the lens of temperature and the concept of the \u2018thermal border,\u2019 Hyperthermal Tales explores climate precarity by interweaving the&#8230;                                    <span class=\"icon-arrow\"><\/span>\n                                <\/figcaption>\n                            <\/figure>\n                        <\/div>\n\n                                            \n                                                <div class=\"swiper-slide\">\n                            <a title=\"Elio Romanazzi \u2013\u2013 AnimaBestia\" href=\"https:\/\/base.milano.it\/en\/elio-romanazzi-animabestia\/\" class=\"stretched-link\"><\/a>\n\n                            <h3>Elio Romanazzi \u2013\u2013 AnimaBestia<\/h3>\n                            <div class=\"row g-1\">\n                                                                        <div class=\"col-auto\">\n                                            <div class=\"tag-pill\">\n                                                design                                            <\/div>\n                                        <\/div>\n                                                                        <div class=\"col-auto\">\n                                            <div class=\"tag-pill\">\n                                                exhibit                                            <\/div>\n                                        <\/div>\n                                                            <\/div>\n\n                            <figure>\n                                                                <img decoding=\"async\" class=\"w-100\" src=\"https:\/\/base.milano.it\/wp-content\/uploads\/AnimaBestia_01-Elio-Romanazzi-500x500.jpg\" alt=\"Design Week 2025: Making Kin\">\n\n                                <figcaption>\n                                    When the boundaries between humans, animals, and objects dissolve, a new design language emerges: a dream of metamorphosis and symbiosis&#8230;.                                    <span class=\"icon-arrow\"><\/span>\n                                <\/figcaption>\n                            <\/figure>\n                        <\/div>\n\n                                            \n                                                <div class=\"swiper-slide\">\n                            <a title=\"Giovanni Amerio A.K.A. GGTHH \u2013\u2013 Sharp Partitions and Parasitic Bricks\" href=\"https:\/\/base.milano.it\/en\/giovanni-amerio-ggthh-sharp-partitions-and-parasitic-bricks\/\" class=\"stretched-link\"><\/a>\n\n                            <h3>Giovanni Amerio A.K.A. GGTHH \u2013\u2013 Sharp Partitions and Parasitic Bricks<\/h3>\n                            <div class=\"row g-1\">\n                                                                        <div class=\"col-auto\">\n                                            <div class=\"tag-pill\">\n                                                design                                            <\/div>\n                                        <\/div>\n                                                                        <div class=\"col-auto\">\n                                            <div class=\"tag-pill\">\n                                                exhibit                                            <\/div>\n                                        <\/div>\n                                                            <\/div>\n\n                            <figure>\n                                                                <img decoding=\"async\" class=\"w-100\" src=\"https:\/\/base.milano.it\/wp-content\/uploads\/COVER-SITO-MOBILE-500x500.jpg\" alt=\"Design Week 2025: Making Kin\">\n\n                                <figcaption>\n                                    Resistance Through Urban Creation. What happens when brick-making becomes an act of resistance? Giovanni Amerio, aka GGTHH, challenges the neoliberal&#8230;                                    <span class=\"icon-arrow\"><\/span>\n                                <\/figcaption>\n                            <\/figure>\n                        <\/div>\n\n                                            \n                                                <div class=\"swiper-slide\">\n                            <a title=\"Giuliano Wai Ging Sammarro \u2013\u2013 Legnabianca\" href=\"https:\/\/base.milano.it\/en\/giuliano-wai-ging-sammarro\/\" class=\"stretched-link\"><\/a>\n\n                            <h3>Giuliano Wai Ging Sammarro \u2013\u2013 Legnabianca<\/h3>\n                            <div class=\"row g-1\">\n                                                                        <div class=\"col-auto\">\n                                            <div class=\"tag-pill\">\n                                                design                                            <\/div>\n                                        <\/div>\n                                                                        <div class=\"col-auto\">\n                                            <div class=\"tag-pill\">\n                                                exhibit                                            <\/div>\n                                        <\/div>\n                                                            <\/div>\n\n                            <figure>\n                                                                <img decoding=\"async\" class=\"w-100\" src=\"https:\/\/base.milano.it\/wp-content\/uploads\/Wai-Ging-Sammarro-500x500.jpg\" alt=\"Design Week 2025: Making Kin\">\n\n                                <figcaption>\n                                    From forest to table: nature\u2019s beauty, preserved in porcelain. Giuliano Wai Ging Sammarro\u2019s project explores the deep connection between humans&#8230;                                    <span class=\"icon-arrow\"><\/span>\n                                <\/figcaption>\n                            <\/figure>\n                        <\/div>\n\n                                            \n                                                <div class=\"swiper-slide\">\n                            <a title=\"Harvest Salon \u2013\u2013 K\u00e4se Syndikat\" href=\"https:\/\/base.milano.it\/en\/harvest-salon-kase-syndikat\/\" class=\"stretched-link\"><\/a>\n\n                            <h3>Harvest Salon \u2013\u2013 K\u00e4se Syndikat<\/h3>\n                            <div class=\"row g-1\">\n                                                                        <div class=\"col-auto\">\n                                            <div class=\"tag-pill\">\n                                                design                                            <\/div>\n                                        <\/div>\n                                                                        <div class=\"col-auto\">\n                                            <div class=\"tag-pill\">\n                                                exhibit                                            <\/div>\n                                        <\/div>\n                                                            <\/div>\n\n                            <figure>\n                                                                <img decoding=\"async\" class=\"w-100\" src=\"https:\/\/base.milano.it\/wp-content\/uploads\/18-500x500.jpg\" alt=\"Design Week 2025: Making Kin\">\n\n                                <figcaption>\n                                    How can commoning practices bridge rural and urban realities while fostering shared responsibility between them?\u00a0 This question underpins K\u00e4se Syndikat,&#8230;                                    <span class=\"icon-arrow\"><\/span>\n                                <\/figcaption>\n                            <\/figure>\n                        <\/div>\n\n                                            \n                                                <div class=\"swiper-slide\">\n                            <a title=\"KINDOF x SWIVEL GALLERY\" href=\"https:\/\/base.milano.it\/en\/kindof-x-swivel-gallery\/\" class=\"stretched-link\"><\/a>\n\n                            <h3>KINDOF x SWIVEL GALLERY<\/h3>\n                            <div class=\"row g-1\">\n                                                            <\/div>\n\n                            <figure>\n                                                                <img decoding=\"async\" class=\"w-100\" src=\"https:\/\/base.milano.it\/wp-content\/uploads\/2-10-500x500.jpg\" alt=\"Design Week 2025: Making Kin\">\n\n                                <figcaption>\n                                    During Milan Design Week, American artist Kiah Celeste stages a performance of nomadic objects, repurposed materials, and reimagined destinies\u2014born from&#8230;                                    <span class=\"icon-arrow\"><\/span>\n                                <\/figcaption>\n                            <\/figure>\n                        <\/div>\n\n                                            \n                                                <div class=\"swiper-slide\">\n                            <a title=\"Jade Fritsch \u2014 Treatment for a Re-connection\" href=\"https:\/\/base.milano.it\/en\/jade-fritsch-treatment-for-a-re-connection\/\" class=\"stretched-link\"><\/a>\n\n                            <h3>Jade Fritsch \u2014 Treatment for a Re-connection<\/h3>\n                            <div class=\"row g-1\">\n                                                                        <div class=\"col-auto\">\n                                            <div class=\"tag-pill\">\n                                                design                                            <\/div>\n                                        <\/div>\n                                                                        <div class=\"col-auto\">\n                                            <div class=\"tag-pill\">\n                                                exhibit                                            <\/div>\n                                        <\/div>\n                                                            <\/div>\n\n                            <figure>\n                                                                <img decoding=\"async\" class=\"w-100\" src=\"https:\/\/base.milano.it\/wp-content\/uploads\/chair_Treatment-for-a-Re-Connection-by-Jade-Fritsch_photo-by-studio__mass-_-Anastasija-Mass_05-copy-Jade-Fritsch-500x500.jpg\" alt=\"Design Week 2025: Making Kin\">\n\n                                <figcaption>\n                                    Warmth becomes kinship and sitting becomes a ritual of caring for the self, the Earth and the intricate and interdependent&#8230;                                    <span class=\"icon-arrow\"><\/span>\n                                <\/figcaption>\n                            <\/figure>\n                        <\/div>\n\n                                            \n                                                <div class=\"swiper-slide\">\n                            <a title=\"Janneke de Lange \u2013\u2013 LIFE ON PHONE\" href=\"https:\/\/base.milano.it\/en\/janneke-de-lange-life-on-phone\/\" class=\"stretched-link\"><\/a>\n\n                            <h3>Janneke de Lange \u2013\u2013 LIFE ON PHONE<\/h3>\n                            <div class=\"row g-1\">\n                                                                        <div class=\"col-auto\">\n                                            <div class=\"tag-pill\">\n                                                design                                            <\/div>\n                                        <\/div>\n                                                                        <div class=\"col-auto\">\n                                            <div class=\"tag-pill\">\n                                                exhibit                                            <\/div>\n                                        <\/div>\n                                                            <\/div>\n\n                            <figure>\n                                                                <img decoding=\"async\" class=\"w-100\" src=\"https:\/\/base.milano.it\/wp-content\/uploads\/14-1-500x500.jpg\" alt=\"Design Week 2025: Making Kin\">\n\n                                <figcaption>\n                                    \u201cLife on Phone\u201d began during Janneke de Lange\u2019s artist residency at the University of Johannesburg. Invited to work with bacteria&#8230;                                    <span class=\"icon-arrow\"><\/span>\n                                <\/figcaption>\n                            <\/figure>\n                        <\/div>\n\n                                            \n                                                <div class=\"swiper-slide\">\n                            <a title=\"Jaxon Pope and Riccardo Centazzo \u2014 Becoming lore: relations and realities\" href=\"https:\/\/base.milano.it\/en\/jaxon-pope-and-riccardo-centazzo-becoming-lore-relations-and-realities\/\" class=\"stretched-link\"><\/a>\n\n                            <h3>Jaxon Pope and Riccardo Centazzo \u2014 Becoming lore: relations and realities<\/h3>\n                            <div class=\"row g-1\">\n                                                                        <div class=\"col-auto\">\n                                            <div class=\"tag-pill\">\n                                                design                                            <\/div>\n                                        <\/div>\n                                                                        <div class=\"col-auto\">\n                                            <div class=\"tag-pill\">\n                                                exhibit                                            <\/div>\n                                        <\/div>\n                                                            <\/div>\n\n                            <figure>\n                                                                <img decoding=\"async\" class=\"w-100\" src=\"https:\/\/base.milano.it\/wp-content\/uploads\/image-2-becoming-lore-jaxon-pope-500x500.jpg\" alt=\"Design Week 2025: Making Kin\">\n\n                                <figcaption>\n                                    An experiment in creating the world, learning the opposite: we delve into the open, the undefined, the relational. We do&#8230;                                    <span class=\"icon-arrow\"><\/span>\n                                <\/figcaption>\n                            <\/figure>\n                        <\/div>\n\n                                            \n                                                <div class=\"swiper-slide\">\n                            <a title=\"Jules P\u00e9an \u2014 New rocks\" href=\"https:\/\/base.milano.it\/en\/jules-pean-new-rocks\/\" class=\"stretched-link\"><\/a>\n\n                            <h3>Jules P\u00e9an \u2014 New rocks<\/h3>\n                            <div class=\"row g-1\">\n                                                                        <div class=\"col-auto\">\n                                            <div class=\"tag-pill\">\n                                                design                                            <\/div>\n                                        <\/div>\n                                                                        <div class=\"col-auto\">\n                                            <div class=\"tag-pill\">\n                                                exhibit                                            <\/div>\n                                        <\/div>\n                                                            <\/div>\n\n                            <figure>\n                                                                <img decoding=\"async\" class=\"w-100\" src=\"https:\/\/base.milano.it\/wp-content\/uploads\/New-Rocks-Jules-PA\u00a9an-500x500.jpg\" alt=\"Design Week 2025: Making Kin\">\n\n                                <figcaption>\n                                    An invitation to rethink materiality\u2014not as ownership, but as relation, as entwinement, as a call to sustain, to erode, to&#8230;                                    <span class=\"icon-arrow\"><\/span>\n                                <\/figcaption>\n                            <\/figure>\n                        <\/div>\n\n                                            \n                                                <div class=\"swiper-slide\">\n                            <a title=\"HEAD \u2013 Gen\u00e8ve, Geneva University of Art and Design \u2013\u2013 Do you speak flower?\" href=\"https:\/\/base.milano.it\/en\/head-geneve-the-denton-project\/\" class=\"stretched-link\"><\/a>\n\n                            <h3>HEAD \u2013 Gen\u00e8ve, Geneva University of Art and Design \u2013\u2013 Do you speak flower?<\/h3>\n                            <div class=\"row g-1\">\n                                                                        <div class=\"col-auto\">\n                                            <div class=\"tag-pill\">\n                                                design                                            <\/div>\n                                        <\/div>\n                                                                        <div class=\"col-auto\">\n                                            <div class=\"tag-pill\">\n                                                exhibit                                            <\/div>\n                                        <\/div>\n                                                                        <div class=\"col-auto\">\n                                            <div class=\"tag-pill\">\n                                                universit\u00e0                                            <\/div>\n                                        <\/div>\n                                                            <\/div>\n\n                            <figure>\n                                                                <img decoding=\"async\" class=\"w-100\" src=\"https:\/\/base.milano.it\/wp-content\/uploads\/4_Gabriela_Arthur_NikaChimeraequeerMirabilis-alexandra-midal-500x500.jpg\" alt=\"Design Week 2025: Making Kin\">\n\n                                <figcaption>\n                                    Since the Industrial Revolution, floriography, the seemingly innocuous language of flowers, has proved to be the communication medium par excellence&#8230;.                                    <span class=\"icon-arrow\"><\/span>\n                                <\/figcaption>\n                            <\/figure>\n                        <\/div>\n\n                                            \n                                                <div class=\"swiper-slide\">\n                            <a title=\"Marie Kol\u00e1\u0159ov\u00e1 in collaboration with Myeonga Seo \u2014 Bohemian Crystal\" href=\"https:\/\/base.milano.it\/en\/marie-kolarova-bohemian-crystal\/\" class=\"stretched-link\"><\/a>\n\n                            <h3>Marie Kol\u00e1\u0159ov\u00e1 in collaboration with Myeonga Seo \u2014 Bohemian Crystal<\/h3>\n                            <div class=\"row g-1\">\n                                                                        <div class=\"col-auto\">\n                                            <div class=\"tag-pill\">\n                                                design                                            <\/div>\n                                        <\/div>\n                                                                        <div class=\"col-auto\">\n                                            <div class=\"tag-pill\">\n                                                exhibit                                            <\/div>\n                                        <\/div>\n                                                            <\/div>\n\n                            <figure>\n                                                                <img decoding=\"async\" class=\"w-100\" src=\"https:\/\/base.milano.it\/wp-content\/uploads\/IMG_9199-500x500.jpg\" alt=\"Design Week 2025: Making Kin\">\n\n                                <figcaption>\n                                    Weaving a thread of care that unites glass, craft, and community in a vibrant ecosystem of resilience and possibility. Creating&#8230;                                    <span class=\"icon-arrow\"><\/span>\n                                <\/figcaption>\n                            <\/figure>\n                        <\/div>\n\n                                            \n                                                <div class=\"swiper-slide\">\n                            <a title=\"Miriam Daxl \u2014 Within Contaminated Circuits\" href=\"https:\/\/base.milano.it\/en\/miriam-daxl-within-contaminated-circuits\/\" class=\"stretched-link\"><\/a>\n\n                            <h3>Miriam Daxl \u2014 Within Contaminated Circuits<\/h3>\n                            <div class=\"row g-1\">\n                                                                        <div class=\"col-auto\">\n                                            <div class=\"tag-pill\">\n                                                design                                            <\/div>\n                                        <\/div>\n                                                                        <div class=\"col-auto\">\n                                            <div class=\"tag-pill\">\n                                                exhibit                                            <\/div>\n                                        <\/div>\n                                                            <\/div>\n\n                            <figure>\n                                                                <img decoding=\"async\" class=\"w-100\" src=\"https:\/\/base.milano.it\/wp-content\/uploads\/preview_DAXL-Miriam-Daxl-500x500.jpg\" alt=\"Design Week 2025: Making Kin\">\n\n                                <figcaption>\n                                    A fever dream of overheated satellites and sensing instruments struggling against their own thermal confusion Within Contaminated Circuits is a&#8230;                                    <span class=\"icon-arrow\"><\/span>\n                                <\/figcaption>\n                            <\/figure>\n                        <\/div>\n\n                                            \n                                                <div class=\"swiper-slide\">\n                            <a title=\"Natalie Blom and Federico Godino \u2014 (em)Bodied Animal Training\" href=\"https:\/\/base.milano.it\/en\/natalie-blom-and-federico-godino-embodied-animal-training\/\" class=\"stretched-link\"><\/a>\n\n                            <h3>Natalie Blom and Federico Godino \u2014 (em)Bodied Animal Training<\/h3>\n                            <div class=\"row g-1\">\n                                                                        <div class=\"col-auto\">\n                                            <div class=\"tag-pill\">\n                                                design                                            <\/div>\n                                        <\/div>\n                                                                        <div class=\"col-auto\">\n                                            <div class=\"tag-pill\">\n                                                exhibit                                            <\/div>\n                                        <\/div>\n                                                            <\/div>\n\n                            <figure>\n                                                                <img decoding=\"async\" class=\"w-100\" src=\"https:\/\/base.milano.it\/wp-content\/uploads\/Federico-Natalie05-Federico-Godino-500x500.jpg\" alt=\"Design Week 2025: Making Kin\">\n\n                                <figcaption>\n                                    (em)Bodied Animal Training is a speculative portal, a device not for mere human fitness, but for rethinking kinship across species&#8230;                                    <span class=\"icon-arrow\"><\/span>\n                                <\/figcaption>\n                            <\/figure>\n                        <\/div>\n\n                                            \n                                                <div class=\"swiper-slide\">\n                            <a title=\"Omnicent Japan, Nori Nori Works, Ikehiko Corporation \u2013\u2013 Formless Essence &#8211; Japanese aesthetic\" href=\"https:\/\/base.milano.it\/en\/omnicent-japan\/\" class=\"stretched-link\"><\/a>\n\n                            <h3>Omnicent Japan, Nori Nori Works, Ikehiko Corporation \u2013\u2013 Formless Essence &#8211; Japanese aesthetic<\/h3>\n                            <div class=\"row g-1\">\n                                                                        <div class=\"col-auto\">\n                                            <div class=\"tag-pill\">\n                                                design                                            <\/div>\n                                        <\/div>\n                                                                        <div class=\"col-auto\">\n                                            <div class=\"tag-pill\">\n                                                exhibit                                            <\/div>\n                                        <\/div>\n                                                            <\/div>\n\n                            <figure>\n                                                                <img decoding=\"async\" class=\"w-100\" src=\"https:\/\/base.milano.it\/wp-content\/uploads\/METAPHOTOGRAPHY10-copy-Noritaka-Tanaka-1-500x500.jpg\" alt=\"Design Week 2025: Making Kin\">\n\n                                <figcaption>\n                                    A Space Suspended Between Tradition and the Senses: Omnicent Japan\u2019s Immersive Installation. At the heart of Japanese aesthetics, where light&#8230;                                    <span class=\"icon-arrow\"><\/span>\n                                <\/figcaption>\n                            <\/figure>\n                        <\/div>\n\n                                            \n                                                <div class=\"swiper-slide\">\n                            <a title=\"Remi Reniers \u2013\u2013 Unfixed\" href=\"https:\/\/base.milano.it\/en\/remi-reniers\/\" class=\"stretched-link\"><\/a>\n\n                            <h3>Remi Reniers \u2013\u2013 Unfixed<\/h3>\n                            <div class=\"row g-1\">\n                                                                        <div class=\"col-auto\">\n                                            <div class=\"tag-pill\">\n                                                design                                            <\/div>\n                                        <\/div>\n                                                                        <div class=\"col-auto\">\n                                            <div class=\"tag-pill\">\n                                                exhibit                                            <\/div>\n                                        <\/div>\n                                                            <\/div>\n\n                            <figure>\n                                                                <img decoding=\"async\" class=\"w-100\" src=\"https:\/\/base.milano.it\/wp-content\/uploads\/A_remi-reniers-unfixed-the-collection-by-femke-reijerman-Remi-Reniers-500x500.jpg\" alt=\"Design Week 2025: Making Kin\">\n\n                                <figcaption>\n                                    Stone is not passive. It contains the mark of past worlds; it speaks with lines, fossils, fractures. Can we tune&#8230;                                    <span class=\"icon-arrow\"><\/span>\n                                <\/figcaption>\n                            <\/figure>\n                        <\/div>\n\n                                            \n                                                <div class=\"swiper-slide\">\n                            <a title=\"Riko Tamekuni \u2013\u2013 My Body of Water: What Bears the Message\" href=\"https:\/\/base.milano.it\/en\/riko-tamekuni-my-body-of-water-what-bears-the-message\/\" class=\"stretched-link\"><\/a>\n\n                            <h3>Riko Tamekuni \u2013\u2013 My Body of Water: What Bears the Message<\/h3>\n                            <div class=\"row g-1\">\n                                                                        <div class=\"col-auto\">\n                                            <div class=\"tag-pill\">\n                                                design                                            <\/div>\n                                        <\/div>\n                                                                        <div class=\"col-auto\">\n                                            <div class=\"tag-pill\">\n                                                exhibit                                            <\/div>\n                                        <\/div>\n                                                            <\/div>\n\n                            <figure>\n                                                                <img decoding=\"async\" class=\"w-100\" src=\"https:\/\/base.milano.it\/wp-content\/uploads\/work-Riko-Tamekuni.jpg-500x500.jpg\" alt=\"Design Week 2025: Making Kin\">\n\n                                <figcaption>\n                                    A sensory journey into water: sounds, images, and stories that redefine our perception of nature. &#8220;My Body of Water \u23af&#8230;                                    <span class=\"icon-arrow\"><\/span>\n                                <\/figcaption>\n                            <\/figure>\n                        <\/div>\n\n                                            \n                                                <div class=\"swiper-slide\">\n                            <a title=\"Shao-Chun Hsu \u2013\u2013 Death on Stage\" href=\"https:\/\/base.milano.it\/en\/shao-chun-hsu-death-on-stage\/\" class=\"stretched-link\"><\/a>\n\n                            <h3>Shao-Chun Hsu \u2013\u2013 Death on Stage<\/h3>\n                            <div class=\"row g-1\">\n                                                                        <div class=\"col-auto\">\n                                            <div class=\"tag-pill\">\n                                                design                                            <\/div>\n                                        <\/div>\n                                                                        <div class=\"col-auto\">\n                                            <div class=\"tag-pill\">\n                                                exhibit                                            <\/div>\n                                        <\/div>\n                                                            <\/div>\n\n                            <figure>\n                                                                <img decoding=\"async\" class=\"w-100\" src=\"https:\/\/base.milano.it\/wp-content\/uploads\/Shao-Chun-500x500.jpg\" alt=\"Design Week 2025: Making Kin\">\n\n                                <figcaption>\n                                    Reflections on Taiwanese Funeral Rituals in the Age of Commodification At the heart of Taiwanese funeral traditions lies a deep&#8230;                                    <span class=\"icon-arrow\"><\/span>\n                                <\/figcaption>\n                            <\/figure>\n                        <\/div>\n\n                                            \n                                                <div class=\"swiper-slide\">\n                            <a title=\"Suzanne Craviari \u2014 A Contaminated Garden of Our Own\" href=\"https:\/\/base.milano.it\/en\/suzanne-craviari-a-contaminated-garden-of-our-own\/\" class=\"stretched-link\"><\/a>\n\n                            <h3>Suzanne Craviari \u2014 A Contaminated Garden of Our Own<\/h3>\n                            <div class=\"row g-1\">\n                                                                        <div class=\"col-auto\">\n                                            <div class=\"tag-pill\">\n                                                design                                            <\/div>\n                                        <\/div>\n                                                                        <div class=\"col-auto\">\n                                            <div class=\"tag-pill\">\n                                                exhibit                                            <\/div>\n                                        <\/div>\n                                                            <\/div>\n\n                            <figure>\n                                                                <img decoding=\"async\" class=\"w-100\" src=\"https:\/\/base.milano.it\/wp-content\/uploads\/Embroidery2-2-Suzanne-Craviari-500x500.jpg\" alt=\"Design Week 2025: Making Kin\">\n\n                                <figcaption>\n                                    A Contaminated Garden of Our Own&nbsp;is an act of speculative sowing\u2014a messy, intentional reweaving of kinship between bodies, plants, and&#8230;                                    <span class=\"icon-arrow\"><\/span>\n                                <\/figcaption>\n                            <\/figure>\n                        <\/div>\n\n                                            \n                                                <div class=\"swiper-slide\">\n                            <a title=\"Bread as a Social and Ecological Act: Studio CoPain\u2019s Project\" href=\"https:\/\/base.milano.it\/en\/il-pane-come-atto-sociale-ed-ecologico-il-progetto-di-studio-copain\/\" class=\"stretched-link\"><\/a>\n\n                            <h3>Bread as a Social and Ecological Act: Studio CoPain\u2019s Project<\/h3>\n                            <div class=\"row g-1\">\n                                                                        <div class=\"col-auto\">\n                                            <div class=\"tag-pill\">\n                                                design                                            <\/div>\n                                        <\/div>\n                                                                        <div class=\"col-auto\">\n                                            <div class=\"tag-pill\">\n                                                exhibit                                            <\/div>\n                                        <\/div>\n                                                            <\/div>\n\n                            <figure>\n                                                                <img decoding=\"async\" class=\"w-100\" src=\"https:\/\/base.milano.it\/wp-content\/uploads\/16-1-500x500.jpg\" alt=\"Design Week 2025: Making Kin\">\n\n                                <figcaption>\n                                    At a time when traditional collective bread-making practices are disappearing, Studio CoPain is rediscovering bread as a tool for social&#8230;                                    <span class=\"icon-arrow\"><\/span>\n                                <\/figcaption>\n                            <\/figure>\n                        <\/div>\n\n                                            \n                                                <div class=\"swiper-slide\">\n                            <a title=\"Tatiana Efremenko and Eva Monestier \u2014 Web of Care\" href=\"https:\/\/base.milano.it\/en\/tatiana-efremenko-e-eva-monestier-web-of-care\/\" class=\"stretched-link\"><\/a>\n\n                            <h3>Tatiana Efremenko and Eva Monestier \u2014 Web of Care<\/h3>\n                            <div class=\"row g-1\">\n                                                                        <div class=\"col-auto\">\n                                            <div class=\"tag-pill\">\n                                                design                                            <\/div>\n                                        <\/div>\n                                                                        <div class=\"col-auto\">\n                                            <div class=\"tag-pill\">\n                                                exhibit                                            <\/div>\n                                        <\/div>\n                                                            <\/div>\n\n                            <figure>\n                                                                <img decoding=\"async\" class=\"w-100\" src=\"https:\/\/base.milano.it\/wp-content\/uploads\/Web-of-Care-Tatiana-Efremenko-500x500.jpeg\" alt=\"Design Week 2025: Making Kin\">\n\n                                <figcaption>\n                                    A cartography of kinship, a living and growing archive of who we care about, who we forget, and who is&#8230;                                    <span class=\"icon-arrow\"><\/span>\n                                <\/figcaption>\n                            <\/figure>\n                        <\/div>\n\n                                            \n                                                <div class=\"swiper-slide\">\n                            <a title=\"Otras Met\u00e1foras \u2014 Tecnol\u00f3gico De Monterrey\" href=\"https:\/\/base.milano.it\/en\/otras-metaforas-tec-de-monterrey\/\" class=\"stretched-link\"><\/a>\n\n                            <h3>Otras Met\u00e1foras \u2014 Tecnol\u00f3gico De Monterrey<\/h3>\n                            <div class=\"row g-1\">\n                                                                        <div class=\"col-auto\">\n                                            <div class=\"tag-pill\">\n                                                design                                            <\/div>\n                                        <\/div>\n                                                                        <div class=\"col-auto\">\n                                            <div class=\"tag-pill\">\n                                                exhibit                                            <\/div>\n                                        <\/div>\n                                                                        <div class=\"col-auto\">\n                                            <div class=\"tag-pill\">\n                                                universit\u00e0                                            <\/div>\n                                        <\/div>\n                                                            <\/div>\n\n                            <figure>\n                                                                <img decoding=\"async\" class=\"w-100\" src=\"https:\/\/base.milano.it\/wp-content\/uploads\/WhatsApp-Image-2024-10-14-at-17.59.56-Jose-Rodrigo-de-la-O-Campos-500x500.jpeg\" alt=\"Design Week 2025: Making Kin\">\n\n                                <figcaption>\n                                    Explore local metaphors to solve universal everyday-life problems. Otras Met\u00e1foras is an academic design project that presents a fresh and&#8230;                                    <span class=\"icon-arrow\"><\/span>\n                                <\/figcaption>\n                            <\/figure>\n                        <\/div>\n\n                                            \n                                                <div class=\"swiper-slide\">\n                            <a title=\"MATERIAL KINSHIP : Royal College of Art x Making Kin\" href=\"https:\/\/base.milano.it\/en\/the-royal-college-of-art-x-making-kin\/\" class=\"stretched-link\"><\/a>\n\n                            <h3>MATERIAL KINSHIP : Royal College of Art x Making Kin<\/h3>\n                            <div class=\"row g-1\">\n                                                                        <div class=\"col-auto\">\n                                            <div class=\"tag-pill\">\n                                                design                                            <\/div>\n                                        <\/div>\n                                                                        <div class=\"col-auto\">\n                                            <div class=\"tag-pill\">\n                                                exhibit                                            <\/div>\n                                        <\/div>\n                                                                        <div class=\"col-auto\">\n                                            <div class=\"tag-pill\">\n                                                universit\u00e0                                            <\/div>\n                                        <\/div>\n                                                            <\/div>\n\n                            <figure>\n                                                                <img decoding=\"async\" class=\"w-100\" src=\"https:\/\/base.milano.it\/wp-content\/uploads\/Andreea-Tron-7-500x500.jpg\" alt=\"Design Week 2025: Making Kin\">\n\n                                <figcaption>\n                                    The Royal College of Art has always been committed to providing a platform for multiple actors to express themselves, relate&#8230;                                    <span class=\"icon-arrow\"><\/span>\n                                <\/figcaption>\n                            <\/figure>\n                        <\/div>\n\n                                            \n                                                <div class=\"swiper-slide\">\n                            <a title=\"Vincenzo Lapiccirella \u2014 Surplus-Taste\" href=\"https:\/\/base.milano.it\/en\/vincenzo-lapiccirella-surplus-taste\/\" class=\"stretched-link\"><\/a>\n\n                            <h3>Vincenzo Lapiccirella \u2014 Surplus-Taste<\/h3>\n                            <div class=\"row g-1\">\n                                                                        <div class=\"col-auto\">\n                                            <div class=\"tag-pill\">\n                                                design                                            <\/div>\n                                        <\/div>\n                                                                        <div class=\"col-auto\">\n                                            <div class=\"tag-pill\">\n                                                exhibit                                            <\/div>\n                                        <\/div>\n                                                            <\/div>\n\n                            <figure>\n                                                                <img decoding=\"async\" class=\"w-100\" src=\"https:\/\/base.milano.it\/wp-content\/uploads\/Vincenzo_Lapiccirella_SurplusTaste_Installation_01-Vincenzo-Lapiccirella-500x500.jpg\" alt=\"Design Week 2025: Making Kin\">\n\n                                <figcaption>\n                                    A recipe for savoring the pleasure of consumption by reflecting on its personal and collective impact, transforming it into a&#8230;                                    <span class=\"icon-arrow\"><\/span>\n                                <\/figcaption>\n                            <\/figure>\n                        <\/div>\n\n                                            \n                                                <div class=\"swiper-slide\">\n                            <a title=\"World Design Capital Frankfurt RheinMain 2026\" href=\"https:\/\/base.milano.it\/en\/world-design-capital-frankfurt-rheinmain-2026\/\" class=\"stretched-link\"><\/a>\n\n                            <h3>World Design Capital Frankfurt RheinMain 2026<\/h3>\n                            <div class=\"row g-1\">\n                                                            <\/div>\n\n                            <figure>\n                                                                <img decoding=\"async\" class=\"w-100\" src=\"https:\/\/base.milano.it\/wp-content\/uploads\/4-3-500x500.jpg\" alt=\"Design Week 2025: Making Kin\">\n\n                                <figcaption>\n                                    Frankfurt RheinMain has been designated as World Design Capital\u00ae 2026. This prestigious title, awarded every two years by the World&#8230;                                    <span class=\"icon-arrow\"><\/span>\n                                <\/figcaption>\n                            <\/figure>\n                        <\/div>\n\n                                            \n                                                <div class=\"swiper-slide\">\n                            <a title=\"Xi&#8217;an Jiaotong-Liverpool University \u2013\u2013 Worlding Alternative Worlds: more than cultural diversity\" href=\"https:\/\/base.milano.it\/en\/xian-jiaotong-liverpool-university-worlding-alternative-worlds-more-than-cultural-diversity\/\" class=\"stretched-link\"><\/a>\n\n                            <h3>Xi&#8217;an Jiaotong-Liverpool University \u2013\u2013 Worlding Alternative Worlds: more than cultural diversity<\/h3>\n                            <div class=\"row g-1\">\n                                                                        <div class=\"col-auto\">\n                                            <div class=\"tag-pill\">\n                                                design                                            <\/div>\n                                        <\/div>\n                                                                        <div class=\"col-auto\">\n                                            <div class=\"tag-pill\">\n                                                design                                            <\/div>\n                                        <\/div>\n                                                                        <div class=\"col-auto\">\n                                            <div class=\"tag-pill\">\n                                                exhibit                                            <\/div>\n                                        <\/div>\n                                                                        <div class=\"col-auto\">\n                                            <div class=\"tag-pill\">\n                                                universit\u00e0                                            <\/div>\n                                        <\/div>\n                                                                        <div class=\"col-auto\">\n                                            <div class=\"tag-pill\">\n                                                universities                                            <\/div>\n                                        <\/div>\n                                                            <\/div>\n\n                            <figure>\n                                                                <img decoding=\"async\" class=\"w-100\" src=\"https:\/\/base.milano.it\/wp-content\/uploads\/negative_shanshui-Aven-Le-ZHOU-500x500.jpg\" alt=\"Design Week 2025: Making Kin\">\n\n                                <figcaption>\n                                    This exhibition project represents a collective effort by the Interactive Experience Design Lab of the Industrial Design Department at Xi\u2019an&#8230;                                    <span class=\"icon-arrow\"><\/span>\n                                <\/figcaption>\n                            <\/figure>\n                        <\/div>\n\n                                                                    <\/div>\n            <!-- If we need pagination -->\n            <div class=\"swiper-pagination\"><\/div>\n            <!-- If we need scrollbar -->\n            <div class=\"swiper-scrollbar-news\"><\/div>\n        <\/div>\n    <\/div>\n<\/section>\n<script>\n    document.addEventListener('DOMContentLoaded', function() {\n        const swiperNews = new Swiper('.swiper-cmp-69f4e4e6d1381', {\n            \/\/ Optional parameters\n            loop: false,\n            slidesPerView: 6.5,\n            spaceBetween: 48,\n            \/\/slidesOffsetBefore: 16,\n            \/\/slidesOffsetAfter: 16,\n            scrollbar: {\n                el: '.swiper-scrollbar-news',\n                draggable: true,\n            },\n            breakpoints: {\n                \/\/ when window width is >= 320px\n                320: {\n                    slidesPerView: 1.2,\n                    spaceBetween: 20\n                },\n                \/\/ when window width is >= 480px\n                480: {\n                    slidesPerView: 2.2,\n                    spaceBetween: 30\n                },\n                \/\/ when window width is >= 640px\n                640: {\n                    slidesPerView: 3.2,\n                    spaceBetween: 32,\n\n                },\n                991: {\n                    slidesPerView: 3.5,\n                    spaceBetween: 36,\n\n                },\n                1200: {\n                    slidesPerView: 3.5,\n                    spaceBetween: 36,\n                },\n                1440: {\n                    slidesPerView: 4.5,\n                    spaceBetween: 32,\n                },\n                1680: {\n                    slidesPerView: 5.5,\n                    spaceBetween: 32,\n                }\n            }\n        });\n    });\n<\/script>\n\n\n<section id=\"temporary-home\"  class=\"_home_news text-light\" style=background-color:#af8053>\n    <div class=\"_container_base\">\n        <h2 class=\"news-title \">Temporary Home: five rooms for five designers from around the world. During Design Week, casaBASE &#8211; our hostel &#8211; is hosting five projects in residence.<\/h2>\n    <\/div>\n\n        <div class=\"_container_base p-0\">\n\n        <div class=\"swiper swiper-news swiper-cmp-69f4e4e6f2919\">\n            <!-- Additional required wrapper -->\n            <div class=\"swiper-wrapper\">\n                <!-- Slides -->\n                                                            \n                                                <div class=\"swiper-slide\">\n                            <a title=\"ROOM 01. Mitre and Mondays: Stone as a Living Archive\" href=\"https:\/\/base.milano.it\/en\/mitre-mondays-la-pietra-come-archivio-vivente\/\" class=\"stretched-link\"><\/a>\n\n                            <h3>ROOM 01. Mitre and Mondays: Stone as a Living Archive<\/h3>\n                            <div class=\"row g-1\">\n                                                                        <div class=\"col-auto\">\n                                            <div class=\"tag-pill\">\n                                                design                                            <\/div>\n                                        <\/div>\n                                                                        <div class=\"col-auto\">\n                                            <div class=\"tag-pill\">\n                                                design                                            <\/div>\n                                        <\/div>\n                                                                        <div class=\"col-auto\">\n                                            <div class=\"tag-pill\">\n                                                residenze                                            <\/div>\n                                        <\/div>\n                                                                        <div class=\"col-auto\">\n                                            <div class=\"tag-pill\">\n                                                temporary home                                            <\/div>\n                                        <\/div>\n                                                            <\/div>\n\n                            <figure>\n                                                                <img decoding=\"async\" class=\"w-100\" src=\"https:\/\/base.milano.it\/wp-content\/uploads\/COVER-SITO-169-3-1-500x500.jpg\" alt=\"Design Week 2025: Making Kin\">\n\n                                <figcaption>\n                                    On an ordinary afternoon in 1970, Luigi Lineri was walking along the bed of the River Adige. Instead of gazing&#8230;                                    <span class=\"icon-arrow\"><\/span>\n                                <\/figcaption>\n                            <\/figure>\n                        <\/div>\n\n                                            \n                                                <div class=\"swiper-slide\">\n                            <a title=\"ROOM 02. Kairos Futura \u2013\u2013 The Ministry of Biosymphony\" href=\"https:\/\/base.milano.it\/en\/kairos-futura-the-ministry-of-biosymphony\/\" class=\"stretched-link\"><\/a>\n\n                            <h3>ROOM 02. Kairos Futura \u2013\u2013 The Ministry of Biosymphony<\/h3>\n                            <div class=\"row g-1\">\n                                                                        <div class=\"col-auto\">\n                                            <div class=\"tag-pill\">\n                                                design                                            <\/div>\n                                        <\/div>\n                                                                        <div class=\"col-auto\">\n                                            <div class=\"tag-pill\">\n                                                design                                            <\/div>\n                                        <\/div>\n                                                                        <div class=\"col-auto\">\n                                            <div class=\"tag-pill\">\n                                                residenze                                            <\/div>\n                                        <\/div>\n                                                                        <div class=\"col-auto\">\n                                            <div class=\"tag-pill\">\n                                                temporary home                                            <\/div>\n                                        <\/div>\n                                                            <\/div>\n\n                            <figure>\n                                                                <img decoding=\"async\" class=\"w-100\" src=\"https:\/\/base.milano.it\/wp-content\/uploads\/11-2-500x500.jpg\" alt=\"Design Week 2025: Making Kin\">\n\n                                <figcaption>\n                                    A new model of citizenship rooted in nature. The Ministry of Biosymphony is an immersive and participatory installation that transforms&#8230;                                    <span class=\"icon-arrow\"><\/span>\n                                <\/figcaption>\n                            <\/figure>\n                        <\/div>\n\n                                            \n                                                <div class=\"swiper-slide\">\n                            <a title=\"ROOM 03. Anas Chao \u2013\u2013 Homes Away From Home\" href=\"https:\/\/base.milano.it\/en\/anas-chao-homes-away-from-home\/\" class=\"stretched-link\"><\/a>\n\n                            <h3>ROOM 03. Anas Chao \u2013\u2013 Homes Away From Home<\/h3>\n                            <div class=\"row g-1\">\n                                                                        <div class=\"col-auto\">\n                                            <div class=\"tag-pill\">\n                                                design                                            <\/div>\n                                        <\/div>\n                                                                        <div class=\"col-auto\">\n                                            <div class=\"tag-pill\">\n                                                design                                            <\/div>\n                                        <\/div>\n                                                                        <div class=\"col-auto\">\n                                            <div class=\"tag-pill\">\n                                                residenze                                            <\/div>\n                                        <\/div>\n                                                                        <div class=\"col-auto\">\n                                            <div class=\"tag-pill\">\n                                                temporary home                                            <\/div>\n                                        <\/div>\n                                                            <\/div>\n\n                            <figure>\n                                                                <img decoding=\"async\" class=\"w-100\" src=\"https:\/\/base.milano.it\/wp-content\/uploads\/9-500x500.jpg\" alt=\"Design Week 2025: Making Kin\">\n\n                                <figcaption>\n                                    Homes Away From Home: Finding Belonging Through Food Spaces Where do we feel at home? Anas Chao explores the sense&#8230;                                    <span class=\"icon-arrow\"><\/span>\n                                <\/figcaption>\n                            <\/figure>\n                        <\/div>\n\n                                            \n                                                <div class=\"swiper-slide\">\n                            <a title=\"ROOM 04. Federico Rizzo \/ Salicornia Studio  \u2014  Multispecies Dinner\" href=\"https:\/\/base.milano.it\/en\/federico-rizzo-salicornia-studio-multispecies-dinner\/\" class=\"stretched-link\"><\/a>\n\n                            <h3>ROOM 04. Federico Rizzo \/ Salicornia Studio  \u2014  Multispecies Dinner<\/h3>\n                            <div class=\"row g-1\">\n                                                                        <div class=\"col-auto\">\n                                            <div class=\"tag-pill\">\n                                                design                                            <\/div>\n                                        <\/div>\n                                                                        <div class=\"col-auto\">\n                                            <div class=\"tag-pill\">\n                                                design                                            <\/div>\n                                        <\/div>\n                                                                        <div class=\"col-auto\">\n                                            <div class=\"tag-pill\">\n                                                residenze                                            <\/div>\n                                        <\/div>\n                                                                        <div class=\"col-auto\">\n                                            <div class=\"tag-pill\">\n                                                temporary home                                            <\/div>\n                                        <\/div>\n                                                                        <div class=\"col-auto\">\n                                            <div class=\"tag-pill\">\n                                                temporary home                                            <\/div>\n                                        <\/div>\n                                                            <\/div>\n\n                            <figure>\n                                                                <img decoding=\"async\" class=\"w-100\" src=\"https:\/\/base.milano.it\/wp-content\/uploads\/EXHIBIT-SQUARE-500x500.jpg\" alt=\"Design Week 2025: Making Kin\">\n\n                                <figcaption>\n                                    An imaginative banquet to weave new culinary alliances between humans and non-humans, a gastronomic ritual that interweaves knowledge and tastes&#8230;                                    <span class=\"icon-arrow\"><\/span>\n                                <\/figcaption>\n                            <\/figure>\n                        <\/div>\n\n                                            \n                                                <div class=\"swiper-slide\">\n                            <a title=\"ROOM 05. Domaine de Boisbuchet e Al\u00e9a Work \u2013 Processo e Funghi: The Garden Lab\" href=\"https:\/\/base.milano.it\/en\/temporary-home-2025-boisbuchet-alea\/\" class=\"stretched-link\"><\/a>\n\n                            <h3>ROOM 05. Domaine de Boisbuchet e Al\u00e9a Work \u2013 Processo e Funghi: The Garden Lab<\/h3>\n                            <div class=\"row g-1\">\n                                                                        <div class=\"col-auto\">\n                                            <div class=\"tag-pill\">\n                                                design                                            <\/div>\n                                        <\/div>\n                                                                        <div class=\"col-auto\">\n                                            <div class=\"tag-pill\">\n                                                design                                            <\/div>\n                                        <\/div>\n                                                                        <div class=\"col-auto\">\n                                            <div class=\"tag-pill\">\n                                                residenze                                            <\/div>\n                                        <\/div>\n                                                                        <div class=\"col-auto\">\n                                            <div class=\"tag-pill\">\n                                                temporary home                                            <\/div>\n                                        <\/div>\n                                                            <\/div>\n\n                            <figure>\n                                                                <img decoding=\"async\" class=\"w-100\" src=\"https:\/\/base.milano.it\/wp-content\/uploads\/Alea_DirtyChairN4_01-500x500.jpg\" alt=\"Design Week 2025: Making Kin\">\n\n                                <figcaption>\n                                    The Paris-based design studio Al\u00e9a Work and Domaine de Boisbuchet experiment with coexistence and co-creation between humans and fungi in&#8230;                                    <span class=\"icon-arrow\"><\/span>\n                                <\/figcaption>\n                            <\/figure>\n                        <\/div>\n\n                                                                    <\/div>\n            <!-- If we need pagination -->\n            <div class=\"swiper-pagination\"><\/div>\n            <!-- If we need scrollbar -->\n            <div class=\"swiper-scrollbar-news\"><\/div>\n        <\/div>\n    <\/div>\n<\/section>\n<script>\n    document.addEventListener('DOMContentLoaded', function() {\n        const swiperNews = new Swiper('.swiper-cmp-69f4e4e6f2919', {\n            \/\/ Optional parameters\n            loop: false,\n            slidesPerView: 6.5,\n            spaceBetween: 48,\n            \/\/slidesOffsetBefore: 16,\n            \/\/slidesOffsetAfter: 16,\n            scrollbar: {\n                el: '.swiper-scrollbar-news',\n                draggable: true,\n            },\n            breakpoints: {\n                \/\/ when window width is >= 320px\n                320: {\n                    slidesPerView: 1.2,\n                    spaceBetween: 20\n                },\n                \/\/ when window width is >= 480px\n                480: {\n                    slidesPerView: 2.2,\n                    spaceBetween: 30\n                },\n                \/\/ when window width is >= 640px\n                640: {\n                    slidesPerView: 3.2,\n                    spaceBetween: 32,\n\n                },\n                991: {\n                    slidesPerView: 3.5,\n                    spaceBetween: 36,\n\n                },\n                1200: {\n                    slidesPerView: 3.5,\n                    spaceBetween: 36,\n                },\n                1440: {\n                    slidesPerView: 4.5,\n                    spaceBetween: 32,\n                },\n                1680: {\n                    slidesPerView: 5.5,\n                    spaceBetween: 32,\n                }\n            }\n        });\n    });\n<\/script>\n\n\n<div class=\"wp-block-group\"><div class=\"wp-block-group__inner-container is-layout-constrained wp-block-group-is-layout-constrained\">\n    <section  class=\"partners-carousel \" style=\"background-color: \">\n                    <div class=\" _container_base pt-3 pt-lg-5\">\n\n                <span class=\"h3 partners-title \">WE WILL DESIGN 2025: MAKING KIN IS A PROJECT BY<\/span>\n\n            <\/div>\n                <div class=\" _container_base\">\n            <div class=\"swiper swiper-partners mb-0\">\n\n                <div class=\"swiper-wrapper\">\n\n\n                    \n                        <div class=\"swiper-slide\">\n\n                            <figure>\n                                                                    <img decoding=\"async\" class=\"w-100\" src=\"https:\/\/base.milano.it\/wp-content\/uploads\/base.svg\" alt=\"\">\n                                \n                            <\/figure>\n\n                        <\/div>\n\n                    \n                <\/div>\n\n            <\/div>\n        <\/div>\n\n    <\/section>\n\n\n\n\n<hr class=\"wp-block-separator has-alpha-channel-opacity\"\/>\n\n\n\n    <section  class=\"partners-carousel \" style=\"background-color: \">\n                    <div class=\" _container_base pt-3 pt-lg-5\">\n\n                <span class=\"h3 partners-title \">INSTITUTIONAL PARTNERS<\/span>\n\n            <\/div>\n                <div class=\" _container_base\">\n            <div class=\"swiper swiper-partners mb-0\">\n\n                <div class=\"swiper-wrapper\">\n\n\n                    \n                        <div class=\"swiper-slide\">\n\n                            <figure>\n                                                                    <img decoding=\"async\" class=\"w-100\" src=\"https:\/\/base.milano.it\/wp-content\/uploads\/loghi_wwd_-01.svg\" alt=\"\">\n                                \n                            <\/figure>\n\n                        <\/div>\n\n                    \n                        <div class=\"swiper-slide\">\n\n                            <figure>\n                                                                    <img decoding=\"async\" class=\"w-100\" src=\"https:\/\/base.milano.it\/wp-content\/uploads\/loghi_wwd_-02.svg\" alt=\"\">\n                                \n                            <\/figure>\n\n                        <\/div>\n\n                    \n                        <div class=\"swiper-slide\">\n\n                            <figure>\n                                                                    <img decoding=\"async\" class=\"w-100\" src=\"https:\/\/base.milano.it\/wp-content\/uploads\/loghi_wwd_-08.svg\" alt=\"\">\n                                \n                            <\/figure>\n\n                        <\/div>\n\n                    \n                        <div class=\"swiper-slide\">\n\n                            <figure>\n                                                                    <img decoding=\"async\" class=\"w-100\" src=\"https:\/\/base.milano.it\/wp-content\/uploads\/loghi_wwd_-09.svg\" alt=\"\">\n                                \n                            <\/figure>\n\n                        <\/div>\n\n                    \n                        <div class=\"swiper-slide\">\n\n                            <figure>\n                                                                    <img decoding=\"async\" class=\"w-100\" src=\"https:\/\/base.milano.it\/wp-content\/uploads\/loghi_wwd_-03.svg\" alt=\"\">\n                                \n                            <\/figure>\n\n                        <\/div>\n\n                    \n                        <div class=\"swiper-slide\">\n\n                            <figure>\n                                                                    <img decoding=\"async\" class=\"w-100\" src=\"https:\/\/base.milano.it\/wp-content\/uploads\/loghi_wwd_-06.svg\" alt=\"\">\n                                \n                            <\/figure>\n\n                        <\/div>\n\n                    \n                        <div class=\"swiper-slide\">\n\n                            <figure>\n                                                                    <img decoding=\"async\" class=\"w-100\" src=\"https:\/\/base.milano.it\/wp-content\/uploads\/loghi_wwd_-07.svg\" alt=\"\">\n                                \n                            <\/figure>\n\n                        <\/div>\n\n                    \n                        <div class=\"swiper-slide\">\n\n                            <figure>\n                                                                    <img decoding=\"async\" class=\"w-100\" src=\"https:\/\/base.milano.it\/wp-content\/uploads\/logo_goethe.svg\" alt=\"\">\n                                \n                            <\/figure>\n\n                        <\/div>\n\n                    \n                        <div class=\"swiper-slide\">\n\n                            <figure>\n                                                                    <img decoding=\"async\" class=\"w-100\" src=\"https:\/\/base.milano.it\/wp-content\/uploads\/logo_prohelvetia.svg\" alt=\"\">\n                                \n                            <\/figure>\n\n                        <\/div>\n\n                    \n                <\/div>\n\n            <\/div>\n        <\/div>\n\n    <\/section>\n\n\n\n\n<hr class=\"wp-block-separator has-alpha-channel-opacity\"\/>\n\n\n\n    <section  class=\"partners-carousel \" style=\"background-color: \">\n                    <div class=\" _container_base pt-3 pt-lg-5\">\n\n                <span class=\"h3 partners-title \">PARTNERS<\/span>\n\n            <\/div>\n                <div class=\" _container_base\">\n            <div class=\"swiper swiper-partners mb-0\">\n\n                <div class=\"swiper-wrapper\">\n\n\n                    \n                        <div class=\"swiper-slide\">\n\n                            <figure>\n                                                                    <img decoding=\"async\" class=\"w-100\" src=\"https:\/\/base.milano.it\/wp-content\/uploads\/logo-leroy-2.svg\" alt=\"\">\n                                \n                            <\/figure>\n\n                        <\/div>\n\n                    \n                        <div class=\"swiper-slide\">\n\n                            <figure>\n                                                                    <img decoding=\"async\" class=\"w-100\" src=\"https:\/\/base.milano.it\/wp-content\/uploads\/campari.svg\" alt=\"\">\n                                \n                            <\/figure>\n\n                        <\/div>\n\n                    \n                        <div class=\"swiper-slide\">\n\n                            <figure>\n                                                                    <img decoding=\"async\" class=\"w-100\" src=\"https:\/\/base.milano.it\/wp-content\/uploads\/loghi_wwd_-11.svg\" alt=\"\">\n                                \n                            <\/figure>\n\n                        <\/div>\n\n                    \n                <\/div>\n\n            <\/div>\n        <\/div>\n\n    <\/section>\n\n\n\n\n<hr class=\"wp-block-separator has-alpha-channel-opacity\"\/>\n\n\n\n    <section  class=\"partners-carousel \" style=\"background-color: \">\n                    <div class=\" _container_base pt-3 pt-lg-5\">\n\n                <span class=\"h3 partners-title \">CULTURAL PARTNERS<\/span>\n\n            <\/div>\n                <div class=\" _container_base\">\n            <div class=\"swiper swiper-partners mb-0\">\n\n                <div class=\"swiper-wrapper\">\n\n\n                    \n                        <div class=\"swiper-slide\">\n\n                            <figure>\n                                                                    <img decoding=\"async\" class=\"w-100\" src=\"https:\/\/base.milano.it\/wp-content\/uploads\/dopo.svg\" alt=\"\">\n                                \n                            <\/figure>\n\n                        <\/div>\n\n                    \n                        <div class=\"swiper-slide\">\n\n                            <figure>\n                                                                    <img decoding=\"async\" class=\"w-100\" src=\"https:\/\/base.milano.it\/wp-content\/uploads\/ied.svg\" alt=\"\">\n                                \n                            <\/figure>\n\n                        <\/div>\n\n                    \n                        <div class=\"swiper-slide\">\n\n                            <figure>\n                                                                    <img decoding=\"async\" class=\"w-100\" src=\"https:\/\/base.milano.it\/wp-content\/uploads\/logo_cdd.svg\" alt=\"\">\n                                \n                            <\/figure>\n\n                        <\/div>\n\n                    \n                        <div class=\"swiper-slide\">\n\n                            <figure>\n                                                                    <img decoding=\"async\" class=\"w-100\" src=\"https:\/\/base.milano.it\/wp-content\/uploads\/logo_boisbuchet.svg\" alt=\"\">\n                                \n                            <\/figure>\n\n                        <\/div>\n\n                    \n                        <div class=\"swiper-slide\">\n\n                            <figure>\n                                                                    <img decoding=\"async\" class=\"w-100\" src=\"https:\/\/base.milano.it\/wp-content\/uploads\/loghi_wwd_-13.svg\" alt=\"\">\n                                \n                            <\/figure>\n\n                        <\/div>\n\n                    \n                        <div class=\"swiper-slide\">\n\n                            <figure>\n                                                                    <img decoding=\"async\" class=\"w-100\" src=\"https:\/\/base.milano.it\/wp-content\/uploads\/logo-frabs.svg\" alt=\"\">\n                                \n                            <\/figure>\n\n                        <\/div>\n\n                    \n                        <div class=\"swiper-slide\">\n\n                            <figure>\n                                                                    <img decoding=\"async\" class=\"w-100\" src=\"https:\/\/base.milano.it\/wp-content\/uploads\/mayrit-1.svg\" alt=\"\">\n                                \n                            <\/figure>\n\n                        <\/div>\n\n                    \n                <\/div>\n\n            <\/div>\n        <\/div>\n\n    <\/section>\n\n\n\n\n<hr class=\"wp-block-separator has-alpha-channel-opacity\"\/>\n\n\n\n    <section  class=\"partners-carousel \" style=\"background-color: \">\n                    <div class=\" _container_base pt-3 pt-lg-5\">\n\n                <span class=\"h3 partners-title \">TECHNICAL PARTNERS<\/span>\n\n            <\/div>\n                <div class=\" _container_base\">\n            <div class=\"swiper swiper-partners mb-0\">\n\n                <div class=\"swiper-wrapper\">\n\n\n                    \n                        <div class=\"swiper-slide\">\n\n                            <figure>\n                                                                    <img decoding=\"async\" class=\"w-100\" src=\"https:\/\/base.milano.it\/wp-content\/uploads\/logo_ingo.svg\" alt=\"\">\n                                \n                            <\/figure>\n\n                        <\/div>\n\n                    \n                        <div class=\"swiper-slide\">\n\n                            <figure>\n                                                                    <img decoding=\"async\" class=\"w-100\" src=\"https:\/\/base.milano.it\/wp-content\/uploads\/loghi_wwd_-15.svg\" alt=\"\">\n                                \n                            <\/figure>\n\n                        <\/div>\n\n                    \n                        <div class=\"swiper-slide\">\n\n                            <figure>\n                                                                    <img decoding=\"async\" class=\"w-100\" src=\"https:\/\/base.milano.it\/wp-content\/uploads\/loghi_wwd_-14.svg\" alt=\"\">\n                                \n                            <\/figure>\n\n                        <\/div>\n\n                    \n                <\/div>\n\n            <\/div>\n        <\/div>\n\n    <\/section>\n\n\n\n\n<hr class=\"wp-block-separator has-text-color has-alpha-channel-opacity has-background is-style-default\" style=\"background-color:#3c3c3b;color:#3c3c3b\"\/>\n\n\n\n    <section  class=\"partners-carousel \" style=\"background-color: \">\n                    <div class=\" _container_base pt-3 pt-lg-5\">\n\n                <span class=\"h3 partners-title \">MEDIA PARTNER<\/span>\n\n            <\/div>\n                <div class=\" _container_base\">\n            <div class=\"swiper swiper-partners mb-0\">\n\n                <div class=\"swiper-wrapper\">\n\n\n                    \n                        <div class=\"swiper-slide\">\n\n                            <figure>\n                                                                    <img decoding=\"async\" class=\"w-100\" src=\"https:\/\/base.milano.it\/wp-content\/uploads\/logo-domus.svg\" alt=\"\">\n                                \n                            <\/figure>\n\n                        <\/div>\n\n                    \n                <\/div>\n\n            <\/div>\n        <\/div>\n\n    <\/section>\n\n\n\n\n<hr class=\"wp-block-separator has-alpha-channel-opacity\"\/>\n<\/div><\/div>\n\n\n\n<div style=\"height:100px\" aria-hidden=\"true\" class=\"wp-block-spacer\"><\/div>\n\n\n\n<div class=\"wp-block-group\"><div class=\"wp-block-group__inner-container is-layout-constrained wp-block-group-is-layout-constrained\"><div class=\"wp-bootstrap-blocks-container _container_base mb-2\">\n\t\n\n<div style=\"height:50px\" aria-hidden=\"true\" class=\"wp-block-spacer\"><\/div>\n\n\n\n<div class=\"wp-block-columns alignfull has-text-color is-layout-flex wp-container-core-columns-is-layout-1 wp-block-columns-is-layout-flex\" id=\"contatti\" style=\"color:#f8f8eb\">\n<div class=\"wp-block-column has-text-color has-link-color wp-elements-ebd4814f19d85c05169a2c66d19034fb is-layout-flow wp-block-column-is-layout-flow\" style=\"color:#181818\">\n<h2 class=\"wp-block-heading has-text-color\" style=\"color:#4e3b35;font-size:24px;letter-spacing:-0.8px;line-height:1.3\">know more<\/h2>\n<\/div>\n\n\n\n<div class=\"wp-block-column is-layout-flow wp-block-column-is-layout-flow\">\n<h2 class=\"wp-block-heading has-text-color\" style=\"color:#4e3b35;font-size:24px;letter-spacing:-0.8px;line-height:1.3\">Ufficio stampa BASE Milano<br>Lara Facco<\/h2>\n\n\n\n<p class=\"has-text-color\" style=\"color:#4e3b35;font-size:16px;letter-spacing:-0.15px\">press@larafacco.com \u2197<\/p>\n<\/div>\n\n\n\n<div class=\"wp-block-column is-layout-flow wp-block-column-is-layout-flow\">\n<h2 class=\"wp-block-heading has-text-color\" style=\"color:#4e3b35;font-size:24px;letter-spacing:-0.8px;line-height:1.3\">Comunicazione<br>BASE Milano<br><\/h2>\n\n\n\n<p class=\"has-text-color\" style=\"color:#4e3b35;font-size:16px;letter-spacing:-0.15px\">redazione@base.milano.it \u2197<\/p>\n<\/div>\n<\/div>\n\n<\/div>\n\n\n\n<div style=\"height:100px\" aria-hidden=\"true\" class=\"wp-block-spacer\"><\/div>\n<\/div><\/div>\n\n\n<div class=\"wp-bootstrap-blocks-container _container_base mb-2\">\n\t\n\n<h2 class=\"wp-block-heading has-text-color has-link-color wp-elements-740d76b16f3404ca14446ff11db26d6f\" style=\"color:#4e3b35;font-size:28px;letter-spacing:-1px\">Design as a lens to understand our present and shape our future.<\/h2>\n\n\n\n<div style=\"height:30px\" aria-hidden=\"true\" class=\"wp-block-spacer\"><\/div>\n\n\n\n<p class=\"has-text-color has-link-color wp-elements-a65d789caefecabbe7f6aad9f50edb62\" style=\"color:#4e3b35;font-size:16px;letter-spacing:-0.3px\"><a href=\"https:\/\/base.milano.it\/en\/we-will-design\/\"><span style=\"text-decoration: underline;\">We Will Design<\/span><\/a>  is a year-round journey of residencies and international exchanges, where design practices become tools to read\u2014and sometimes resolve\u2014the contradictions of our time.<\/p>\n\n\n\n<div style=\"height:33px\" aria-hidden=\"true\" class=\"wp-block-spacer\"><\/div>\n\n<\/div>\n\n\n\n<div style=\"height:30px\" aria-hidden=\"true\" class=\"wp-block-spacer\"><\/div>\n\n\n<div class=\"wp-bootstrap-blocks-container _container_base mb-2\">\n\t\n\n<p class=\"has-text-color has-link-color wp-elements-871fc9d3a6f8c7c921c595f6fc9d6644\" style=\"color:#4e3b35;font-size:28px;letter-spacing:-0.8px\">Here\u2019s how the last edition went:<\/p>\n\n\n\n<div style=\"height:40px\" aria-hidden=\"true\" class=\"wp-block-spacer\"><\/div>\n\n<\/div>\n\n\n\n<section class=\"cmp_gallery\">\n    <div class=\"xx swiper swiper-cmp-gallery swiper-cmp-gallery-69f4e4e7223e6\">\n        <div class=\"swiper-wrapper\">\n                            <div class=\"swiper-slide\">\n                    <figure>\n\n                        <img decoding=\"async\" class=\"img-fluid\" src=\"https:\/\/base.milano.it\/wp-content\/uploads\/26A7057-Credit-photo-by-Cartacarbone-1300x650.jpg\" alt=\"\">\n                    <\/figure>\n                <\/div>\n                            <div class=\"swiper-slide\">\n                    <figure>\n\n                        <img decoding=\"async\" class=\"img-fluid\" src=\"https:\/\/base.milano.it\/wp-content\/uploads\/170424_CAMPARI_Giulia-Ficarazzo-22-1300x650.jpg\" alt=\"\">\n                    <\/figure>\n                <\/div>\n                            <div class=\"swiper-slide\">\n                    <figure>\n\n                        <img decoding=\"async\" class=\"img-fluid\" src=\"https:\/\/base.milano.it\/wp-content\/uploads\/170424_CAMPARI_Giulia-Ficarazzo-02-1300x650.jpg\" alt=\"\">\n                    <\/figure>\n                <\/div>\n                            <div class=\"swiper-slide\">\n                    <figure>\n\n                        <img decoding=\"async\" class=\"img-fluid\" src=\"https:\/\/base.milano.it\/wp-content\/uploads\/200424_EXHIBIT_Giulia-Ficarazzo-55-1300x650.jpg\" alt=\"\">\n                    <\/figure>\n                <\/div>\n                            <div class=\"swiper-slide\">\n                    <figure>\n\n                        <img decoding=\"async\" class=\"img-fluid\" src=\"https:\/\/base.milano.it\/wp-content\/uploads\/200424_EXHIBIT_Giulia-Ficarazzo-43-1300x650.jpg\" alt=\"\">\n                    <\/figure>\n                <\/div>\n                            <div class=\"swiper-slide\">\n                    <figure>\n\n                        <img decoding=\"async\" class=\"img-fluid\" src=\"https:\/\/base.milano.it\/wp-content\/uploads\/200424_EXHIBIT_Giulia-Ficarazzo-37-1300x650.jpg\" alt=\"\">\n                    <\/figure>\n                <\/div>\n                            <div class=\"swiper-slide\">\n                    <figure>\n\n                        <img decoding=\"async\" class=\"img-fluid\" src=\"https:\/\/base.milano.it\/wp-content\/uploads\/3E5A9646-Credit-photo-by-Lisa-Nichi-1300x650.jpg\" alt=\"\">\n                    <\/figure>\n                <\/div>\n                            <div class=\"swiper-slide\">\n                    <figure>\n\n                        <img decoding=\"async\" class=\"img-fluid\" src=\"https:\/\/base.milano.it\/wp-content\/uploads\/3E5A9631-Credit-photo-by-Lisa-Nichi-1300x650.jpg\" alt=\"\">\n                    <\/figure>\n                <\/div>\n                            <div class=\"swiper-slide\">\n                    <figure>\n\n                        <img decoding=\"async\" class=\"img-fluid\" src=\"https:\/\/base.milano.it\/wp-content\/uploads\/26A7514-Credit-photo-by-Cartacarbone-1300x650.jpg\" alt=\"\">\n                    <\/figure>\n                <\/div>\n                            <div class=\"swiper-slide\">\n                    <figure>\n\n                        <img decoding=\"async\" class=\"img-fluid\" src=\"https:\/\/base.milano.it\/wp-content\/uploads\/26A7393-Credit-photo-by-Cartacarbone-1300x650.jpg\" alt=\"\">\n                    <\/figure>\n                <\/div>\n                            <div class=\"swiper-slide\">\n                    <figure>\n\n                        <img decoding=\"async\" class=\"img-fluid\" src=\"https:\/\/base.milano.it\/wp-content\/uploads\/26A7254-Credit-photo-by-Cartacarbone-1300x650.jpg\" alt=\"\">\n                    <\/figure>\n                <\/div>\n                            <div class=\"swiper-slide\">\n                    <figure>\n\n                        <img decoding=\"async\" class=\"img-fluid\" src=\"https:\/\/base.milano.it\/wp-content\/uploads\/2024_0416_WWD_Exhibit_Credits_Andrea-Nicotra_108-1300x650.jpg\" alt=\"\">\n                    <\/figure>\n                <\/div>\n                            <div class=\"swiper-slide\">\n                    <figure>\n\n                        <img decoding=\"async\" class=\"img-fluid\" src=\"https:\/\/base.milano.it\/wp-content\/uploads\/2024_0416_WWD_Exhibit_Credits_Andrea-Nicotra_105-1300x650.jpg\" alt=\"\">\n                    <\/figure>\n                <\/div>\n                            <div class=\"swiper-slide\">\n                    <figure>\n\n                        <img decoding=\"async\" class=\"img-fluid\" src=\"https:\/\/base.milano.it\/wp-content\/uploads\/2024_0416_WWD_Exhibit_Credits_Andrea-Nicotra_103-1300x650.jpg\" alt=\"\">\n                    <\/figure>\n                <\/div>\n                            <div class=\"swiper-slide\">\n                    <figure>\n\n                        <img decoding=\"async\" class=\"img-fluid\" src=\"https:\/\/base.milano.it\/wp-content\/uploads\/2024_0416_WWD_Exhibit_Credits_Andrea-Nicotra_43-1300x650.jpg\" alt=\"\">\n                    <\/figure>\n                <\/div>\n                            <div class=\"swiper-slide\">\n                    <figure>\n\n                        <img decoding=\"async\" class=\"img-fluid\" src=\"https:\/\/base.milano.it\/wp-content\/uploads\/2024_0416_WWD_Exhibit_Credits_Andrea-Nicotra_35-1300x650.jpg\" alt=\"\">\n                    <\/figure>\n                <\/div>\n                            <div class=\"swiper-slide\">\n                    <figure>\n\n                        <img decoding=\"async\" class=\"img-fluid\" src=\"https:\/\/base.milano.it\/wp-content\/uploads\/2024_0416_WWD_Exhibit_Credits_Andrea-Nicotra_28-1300x650.jpg\" alt=\"\">\n                    <\/figure>\n                <\/div>\n                            <div class=\"swiper-slide\">\n                    <figure>\n\n                        <img decoding=\"async\" class=\"img-fluid\" src=\"https:\/\/base.milano.it\/wp-content\/uploads\/26A7220-Credit-photo-by-Cartacarbone-1300x650.jpg\" alt=\"\">\n                    <\/figure>\n                <\/div>\n                            <div class=\"swiper-slide\">\n                    <figure>\n\n                        <img decoding=\"async\" class=\"img-fluid\" src=\"https:\/\/base.milano.it\/wp-content\/uploads\/26A7120-Credit-photo-by-Cartacarbone-1300x650.jpg\" alt=\"\">\n                    <\/figure>\n                <\/div>\n                            <div class=\"swiper-slide\">\n                    <figure>\n\n                        <img decoding=\"async\" class=\"img-fluid\" src=\"https:\/\/base.milano.it\/wp-content\/uploads\/170424_CAMP_Giulia-Ficarazzo-21-1300x650.jpg\" alt=\"\">\n                    <\/figure>\n                <\/div>\n                            <div class=\"swiper-slide\">\n                    <figure>\n\n                        <img decoding=\"async\" class=\"img-fluid\" src=\"https:\/\/base.milano.it\/wp-content\/uploads\/170424_CAMP_Giulia-Ficarazzo-18-1300x650.jpg\" alt=\"\">\n                    <\/figure>\n                <\/div>\n                            <div class=\"swiper-slide\">\n                    <figure>\n\n                        <img decoding=\"async\" class=\"img-fluid\" src=\"https:\/\/base.milano.it\/wp-content\/uploads\/170424_CAMP_Giulia-Ficarazzo-06-1300x650.jpg\" alt=\"\">\n                    <\/figure>\n                <\/div>\n                            <div class=\"swiper-slide\">\n                    <figure>\n\n                        <img decoding=\"async\" class=\"img-fluid\" src=\"https:\/\/base.milano.it\/wp-content\/uploads\/2024_The-Camp_SENSI_Credits_Giulia-Ficarazzo_14-1300x650.jpg\" alt=\"\">\n                    <\/figure>\n                <\/div>\n                            <div class=\"swiper-slide\">\n                    <figure>\n\n                        <img decoding=\"async\" class=\"img-fluid\" src=\"https:\/\/base.milano.it\/wp-content\/uploads\/2024_The-Camp_SENSI_Credits_Giulia-Ficarazzo_10-1300x650.jpg\" alt=\"\">\n                    <\/figure>\n                <\/div>\n                            <div class=\"swiper-slide\">\n                    <figure>\n\n                        <img decoding=\"async\" class=\"img-fluid\" src=\"https:\/\/base.milano.it\/wp-content\/uploads\/2024-04-bread_canada-design-week-base-16-1300x650.jpg\" alt=\"\">\n                    <\/figure>\n                <\/div>\n                            <div class=\"swiper-slide\">\n                    <figure>\n\n                        <img decoding=\"async\" class=\"img-fluid\" src=\"https:\/\/base.milano.it\/wp-content\/uploads\/2024-04-bread_canada-design-week-base-52-1300x650.jpg\" alt=\"\">\n                    <\/figure>\n                <\/div>\n                            <div class=\"swiper-slide\">\n                    <figure>\n\n                        <img decoding=\"async\" class=\"img-fluid\" src=\"https:\/\/base.milano.it\/wp-content\/uploads\/2024-04-bread_canada-design-week-base-20-1300x650.jpg\" alt=\"\">\n                    <\/figure>\n                <\/div>\n                            <div class=\"swiper-slide\">\n                    <figure>\n\n                        <img decoding=\"async\" class=\"img-fluid\" src=\"https:\/\/base.milano.it\/wp-content\/uploads\/2024-04-event-design-week-base-16-1300x650.jpg\" alt=\"\">\n                    <\/figure>\n                <\/div>\n                            <div class=\"swiper-slide\">\n                    <figure>\n\n                        <img decoding=\"async\" class=\"img-fluid\" src=\"https:\/\/base.milano.it\/wp-content\/uploads\/26A7038-Credit-photo-by-Cartacarbone-1300x650.jpg\" alt=\"\">\n                    <\/figure>\n                <\/div>\n                            <div class=\"swiper-slide\">\n                    <figure>\n\n                        <img decoding=\"async\" class=\"img-fluid\" src=\"https:\/\/base.milano.it\/wp-content\/uploads\/200424_THECAMP_Giulia-Ficarazzo-04-1300x650.jpg\" alt=\"\">\n                    <\/figure>\n                <\/div>\n                    <\/div>\n        <!-- Swiper Navigation Buttons -->\n        <div class=\"swiper-button-prev gallery-prev-69f4e4e7223e6\"><\/div>\n        <div class=\"swiper-button-next gallery-next-69f4e4e7223e6\"><\/div>\n    <\/div>\n<\/section>\n\n<script>\n    document.addEventListener('DOMContentLoaded', function() {\n        if (document.querySelector('.swiper-cmp-gallery-69f4e4e7223e6')) {\n            const swiperCmpGallery = new Swiper('.swiper-cmp-gallery-69f4e4e7223e6', {\n                \/\/ Optional parameters\n                direction: 'horizontal',\n                centeredSlidesBounds: true,\n                autoplay: {\n                    delay: 3000,\n                },\n                loop: false,\n                slidesPerView: 1,\n                spaceBetween: 45,\n                scrollbar: false, \/\/ {\n                \/\/   el: '.swiper-scrollbar-news',\n                \/\/   draggable: true,\n                \/\/ },\n                navigation: {\n                    prevEl: '.gallery-prev-69f4e4e7223e6',\n                    nextEl: '.gallery-next-69f4e4e7223e6',\n                },\n            });\n        }\n    });\n<\/script>","protected":false},"author":3,"featured_media":25944,"template":"","class_list":["post-20704","tribe_event_series","type-tribe_event_series","status-publish","has-post-thumbnail","hentry"],"acf":[],"yoast_head":"<!-- This site is optimized with the Yoast SEO plugin v24.8.1 - https:\/\/yoast.com\/wordpress\/plugins\/seo\/ -->\n<title>We Will Design 2025: Design Week at BASE Milano - from April 7 to 13.<\/title>\n<meta name=\"description\" content=\"Discover Design Week 2025 at BASE Milano: a rich programme of events, installations and meetings to celebrate design and innovation.\" \/>\n<meta name=\"robots\" content=\"index, follow, max-snippet:-1, max-image-preview:large, max-video-preview:-1\" \/>\n<link rel=\"canonical\" href=\"https:\/\/base.milano.it\/en\/series\/design-week-2025\/\" \/>\n<meta property=\"og:locale\" content=\"en_US\" \/>\n<meta property=\"og:type\" content=\"article\" \/>\n<meta property=\"og:title\" content=\"We Will Design 2025: Design Week at BASE Milano - from April 7 to 13.\" \/>\n<meta property=\"og:description\" content=\"Discover Design Week 2025 at BASE Milano: a rich programme of events, installations and meetings to celebrate design and innovation.\" \/>\n<meta property=\"og:url\" content=\"https:\/\/base.milano.it\/en\/series\/design-week-2025\/\" \/>\n<meta property=\"og:site_name\" content=\"BASE Milano\" \/>\n<meta property=\"article:modified_time\" content=\"2025-04-15T15:04:08+00:00\" \/>\n<meta property=\"og:image\" content=\"https:\/\/base.milano.it\/wp-content\/uploads\/STD_MK_4-ezgif.com-crop.gif\" \/>\n\t<meta property=\"og:image:width\" content=\"640\" \/>\n\t<meta property=\"og:image:height\" content=\"640\" \/>\n\t<meta property=\"og:image:type\" content=\"image\/gif\" \/>\n<meta name=\"twitter:card\" content=\"summary_large_image\" \/>\n<meta name=\"twitter:label1\" content=\"Est. reading time\" \/>\n\t<meta name=\"twitter:data1\" content=\"1 minute\" \/>\n<script type=\"application\/ld+json\" class=\"yoast-schema-graph\">{\"@context\":\"https:\/\/schema.org\",\"@graph\":[{\"@type\":\"WebPage\",\"@id\":\"https:\/\/base.milano.it\/en\/series\/design-week-2025\/\",\"url\":\"https:\/\/base.milano.it\/en\/series\/design-week-2025\/\",\"name\":\"We Will Design 2025: Design Week at BASE Milano - from April 7 to 13.\",\"isPartOf\":{\"@id\":\"https:\/\/prelive.base.milano.it\/en\/#website\"},\"primaryImageOfPage\":{\"@id\":\"https:\/\/base.milano.it\/en\/series\/design-week-2025\/#primaryimage\"},\"image\":{\"@id\":\"https:\/\/base.milano.it\/en\/series\/design-week-2025\/#primaryimage\"},\"thumbnailUrl\":\"https:\/\/base.milano.it\/wp-content\/uploads\/STD_MK_4-ezgif.com-crop.gif\",\"datePublished\":\"2024-10-22T08:13:16+00:00\",\"dateModified\":\"2025-04-15T15:04:08+00:00\",\"description\":\"Discover Design Week 2025 at BASE Milano: a rich programme of events, installations and meetings to celebrate design and innovation.\",\"breadcrumb\":{\"@id\":\"https:\/\/base.milano.it\/en\/series\/design-week-2025\/#breadcrumb\"},\"inLanguage\":\"en-US\",\"potentialAction\":[{\"@type\":\"ReadAction\",\"target\":[\"https:\/\/base.milano.it\/en\/series\/design-week-2025\/\"]}]},{\"@type\":\"ImageObject\",\"inLanguage\":\"en-US\",\"@id\":\"https:\/\/base.milano.it\/en\/series\/design-week-2025\/#primaryimage\",\"url\":\"https:\/\/base.milano.it\/wp-content\/uploads\/STD_MK_4-ezgif.com-crop.gif\",\"contentUrl\":\"https:\/\/base.milano.it\/wp-content\/uploads\/STD_MK_4-ezgif.com-crop.gif\",\"width\":799,\"height\":799},{\"@type\":\"BreadcrumbList\",\"@id\":\"https:\/\/base.milano.it\/en\/series\/design-week-2025\/#breadcrumb\",\"itemListElement\":[{\"@type\":\"ListItem\",\"position\":1,\"name\":\"Home\",\"item\":\"https:\/\/base.milano.it\/en\/homepage\/\"},{\"@type\":\"ListItem\",\"position\":2,\"name\":\"Design Week 2025: Making Kin\"}]},{\"@type\":\"WebSite\",\"@id\":\"https:\/\/prelive.base.milano.it\/en\/#website\",\"url\":\"https:\/\/prelive.base.milano.it\/en\/\",\"name\":\"BASE Milano\",\"description\":\"\",\"potentialAction\":[{\"@type\":\"SearchAction\",\"target\":{\"@type\":\"EntryPoint\",\"urlTemplate\":\"https:\/\/prelive.base.milano.it\/en\/?s={search_term_string}\"},\"query-input\":{\"@type\":\"PropertyValueSpecification\",\"valueRequired\":true,\"valueName\":\"search_term_string\"}}],\"inLanguage\":\"en-US\"}]}<\/script>\n<!-- \/ Yoast SEO plugin. -->","yoast_head_json":{"title":"We Will Design 2025: Design Week at BASE Milano - from April 7 to 13.","description":"Discover Design Week 2025 at BASE Milano: a rich programme of events, installations and meetings to celebrate design and innovation.","robots":{"index":"index","follow":"follow","max-snippet":"max-snippet:-1","max-image-preview":"max-image-preview:large","max-video-preview":"max-video-preview:-1"},"canonical":"https:\/\/base.milano.it\/en\/series\/design-week-2025\/","og_locale":"en_US","og_type":"article","og_title":"We Will Design 2025: Design Week at BASE Milano - from April 7 to 13.","og_description":"Discover Design Week 2025 at BASE Milano: a rich programme of events, installations and meetings to celebrate design and innovation.","og_url":"https:\/\/base.milano.it\/en\/series\/design-week-2025\/","og_site_name":"BASE Milano","article_modified_time":"2025-04-15T15:04:08+00:00","og_image":[{"url":"https:\/\/base.milano.it\/wp-content\/uploads\/STD_MK_4-ezgif.com-crop.gif","width":640,"height":640,"type":"image\/gif"}],"twitter_card":"summary_large_image","twitter_misc":{"Est. reading time":"1 minute"},"schema":{"@context":"https:\/\/schema.org","@graph":[{"@type":"WebPage","@id":"https:\/\/base.milano.it\/en\/series\/design-week-2025\/","url":"https:\/\/base.milano.it\/en\/series\/design-week-2025\/","name":"We Will Design 2025: Design Week at BASE Milano - from April 7 to 13.","isPartOf":{"@id":"https:\/\/prelive.base.milano.it\/en\/#website"},"primaryImageOfPage":{"@id":"https:\/\/base.milano.it\/en\/series\/design-week-2025\/#primaryimage"},"image":{"@id":"https:\/\/base.milano.it\/en\/series\/design-week-2025\/#primaryimage"},"thumbnailUrl":"https:\/\/base.milano.it\/wp-content\/uploads\/STD_MK_4-ezgif.com-crop.gif","datePublished":"2024-10-22T08:13:16+00:00","dateModified":"2025-04-15T15:04:08+00:00","description":"Discover Design Week 2025 at BASE Milano: a rich programme of events, installations and meetings to celebrate design and innovation.","breadcrumb":{"@id":"https:\/\/base.milano.it\/en\/series\/design-week-2025\/#breadcrumb"},"inLanguage":"en-US","potentialAction":[{"@type":"ReadAction","target":["https:\/\/base.milano.it\/en\/series\/design-week-2025\/"]}]},{"@type":"ImageObject","inLanguage":"en-US","@id":"https:\/\/base.milano.it\/en\/series\/design-week-2025\/#primaryimage","url":"https:\/\/base.milano.it\/wp-content\/uploads\/STD_MK_4-ezgif.com-crop.gif","contentUrl":"https:\/\/base.milano.it\/wp-content\/uploads\/STD_MK_4-ezgif.com-crop.gif","width":799,"height":799},{"@type":"BreadcrumbList","@id":"https:\/\/base.milano.it\/en\/series\/design-week-2025\/#breadcrumb","itemListElement":[{"@type":"ListItem","position":1,"name":"Home","item":"https:\/\/base.milano.it\/en\/homepage\/"},{"@type":"ListItem","position":2,"name":"Design Week 2025: Making Kin"}]},{"@type":"WebSite","@id":"https:\/\/prelive.base.milano.it\/en\/#website","url":"https:\/\/prelive.base.milano.it\/en\/","name":"BASE Milano","description":"","potentialAction":[{"@type":"SearchAction","target":{"@type":"EntryPoint","urlTemplate":"https:\/\/prelive.base.milano.it\/en\/?s={search_term_string}"},"query-input":{"@type":"PropertyValueSpecification","valueRequired":true,"valueName":"search_term_string"}}],"inLanguage":"en-US"}]}},"_links":{"self":[{"href":"https:\/\/base.milano.it\/en\/wp-json\/wp\/v2\/tribe_event_series\/20704"}],"collection":[{"href":"https:\/\/base.milano.it\/en\/wp-json\/wp\/v2\/tribe_event_series"}],"about":[{"href":"https:\/\/base.milano.it\/en\/wp-json\/wp\/v2\/types\/tribe_event_series"}],"author":[{"embeddable":true,"href":"https:\/\/base.milano.it\/en\/wp-json\/wp\/v2\/users\/3"}],"wp:featuredmedia":[{"embeddable":true,"href":"https:\/\/base.milano.it\/en\/wp-json\/wp\/v2\/media\/25944"}],"wp:attachment":[{"href":"https:\/\/base.milano.it\/en\/wp-json\/wp\/v2\/media?parent=20704"}],"curies":[{"name":"wp","href":"https:\/\/api.w.org\/{rel}","templated":true}]}}